{"id":115,"date":"2021-04-27T11:20:31","date_gmt":"2021-04-27T09:20:31","guid":{"rendered":"http:\/\/lentes-prothesenwerkstatt.de\/?page_id=115"},"modified":"2025-11-26T11:14:07","modified_gmt":"2025-11-26T10:14:07","slug":"koeln","status":"publish","type":"page","link":"https:\/\/lentes-prothesenwerkstatt.de\/index.php\/koeln\/","title":{"rendered":"K\u00f6ln"},"content":{"rendered":"\t\t<div data-elementor-type=\"wp-page\" data-elementor-id=\"115\" class=\"elementor elementor-115\" data-elementor-post-type=\"page\">\n\t\t\t\t\t\t<section class=\"elementor-section elementor-top-section elementor-element elementor-element-d91f05d elementor-hidden-mobile elementor-hidden-desktop elementor-section-boxed elementor-section-height-default elementor-section-height-default wpr-particle-no wpr-jarallax-no wpr-parallax-no wpr-sticky-section-no wpr-equal-height-no\" data-id=\"d91f05d\" data-element_type=\"section\" data-e-type=\"section\" data-settings=\"{&quot;background_background&quot;:&quot;classic&quot;}\">\n\t\t\t\t\t\t<div class=\"elementor-container elementor-column-gap-default\">\n\t\t\t\t\t<div class=\"elementor-column elementor-col-100 elementor-top-column elementor-element elementor-element-986fccb\" data-id=\"986fccb\" data-element_type=\"column\" data-e-type=\"column\">\n\t\t\t<div class=\"elementor-widget-wrap elementor-element-populated\">\n\t\t\t\t\t\t<div class=\"elementor-element elementor-element-fe9584b elementor-widget elementor-widget-spacer\" data-id=\"fe9584b\" data-element_type=\"widget\" data-e-type=\"widget\" data-widget_type=\"spacer.default\">\n\t\t\t\t<div class=\"elementor-widget-container\">\n\t\t\t\t\t\t\t<div class=\"elementor-spacer\">\n\t\t\t<div class=\"elementor-spacer-inner\"><\/div>\n\t\t<\/div>\n\t\t\t\t\t\t<\/div>\n\t\t\t\t<\/div>\n\t\t\t\t<section class=\"elementor-section elementor-inner-section elementor-element elementor-element-681119f elementor-section-boxed elementor-section-height-default elementor-section-height-default wpr-particle-no wpr-jarallax-no wpr-parallax-no wpr-sticky-section-no wpr-equal-height-no\" data-id=\"681119f\" data-element_type=\"section\" data-e-type=\"section\">\n\t\t\t\t\t\t<div class=\"elementor-container elementor-column-gap-default\">\n\t\t\t\t\t<div class=\"elementor-column elementor-col-100 elementor-inner-column elementor-element elementor-element-0246a67\" data-id=\"0246a67\" data-element_type=\"column\" data-e-type=\"column\">\n\t\t\t<div class=\"elementor-widget-wrap elementor-element-populated\">\n\t\t\t\t\t\t<div class=\"elementor-element elementor-element-b4f5a55 elementor-widget elementor-widget-heading\" data-id=\"b4f5a55\" data-element_type=\"widget\" data-e-type=\"widget\" data-widget_type=\"heading.default\">\n\t\t\t\t<div class=\"elementor-widget-container\">\n\t\t\t\t\t<h1 class=\"elementor-heading-title elementor-size-default\">Zusammen sind wir stark!<\/h1>\t\t\t\t<\/div>\n\t\t\t\t<\/div>\n\t\t\t\t\t<\/div>\n\t\t<\/div>\n\t\t\t\t\t<\/div>\n\t\t<\/section>\n\t\t\t\t<section class=\"elementor-section elementor-inner-section elementor-element elementor-element-ed0242c elementor-section-boxed elementor-section-height-default elementor-section-height-default wpr-particle-no wpr-jarallax-no wpr-parallax-no wpr-sticky-section-no wpr-equal-height-no\" data-id=\"ed0242c\" data-element_type=\"section\" data-e-type=\"section\">\n\t\t\t\t\t\t<div class=\"elementor-container elementor-column-gap-default\">\n\t\t\t\t\t<div class=\"elementor-column elementor-col-100 elementor-inner-column elementor-element elementor-element-71aff90\" data-id=\"71aff90\" data-element_type=\"column\" data-e-type=\"column\">\n\t\t\t<div class=\"elementor-widget-wrap elementor-element-populated\">\n\t\t\t\t\t\t<div class=\"elementor-element elementor-element-2549393 elementor-widget elementor-widget-text-editor\" data-id=\"2549393\" data-element_type=\"widget\" data-e-type=\"widget\" data-widget_type=\"text-editor.default\">\n\t\t\t\t<div class=\"elementor-widget-container\">\n\t\t\t\t\t\t\t\t\t<p>Unser Team besteht aus passionierten Orthop\u00e4dietechniker*innen und Meister*innen, die sich mit Leidenschaft speziell der Prothetik widmen. Wir gehen mit der Zeit, mit der Technik und mit unseren Kund*innen, um immer die bestm\u00f6gliche Versorgung zu bieten.<\/p><p>Zusammen arbeitet unser interdisziplin\u00e4res Team mit unseren Kundinnen und Kunden an der Definition ihrer pers\u00f6nlichen Ziele \u2013 und sorgt daf\u00fcr, dass sie erreicht werden.<\/p>\t\t\t\t\t\t\t\t<\/div>\n\t\t\t\t<\/div>\n\t\t\t\t\t<\/div>\n\t\t<\/div>\n\t\t\t\t\t<\/div>\n\t\t<\/section>\n\t\t\t\t\t<\/div>\n\t\t<\/div>\n\t\t\t\t\t<\/div>\n\t\t<\/section>\n\t\t\t\t<section class=\"elementor-section elementor-top-section elementor-element elementor-element-d0f6cd0 elementor-hidden-tablet elementor-hidden-mobile elementor-section-boxed elementor-section-height-default elementor-section-height-default wpr-particle-no wpr-jarallax-no wpr-parallax-no wpr-sticky-section-no wpr-equal-height-no\" data-id=\"d0f6cd0\" data-element_type=\"section\" data-e-type=\"section\" data-settings=\"{&quot;background_background&quot;:&quot;classic&quot;}\">\n\t\t\t\t\t\t<div class=\"elementor-container elementor-column-gap-default\">\n\t\t\t\t\t<div class=\"elementor-column elementor-col-100 elementor-top-column elementor-element elementor-element-eaf4c3d\" data-id=\"eaf4c3d\" data-element_type=\"column\" data-e-type=\"column\">\n\t\t\t<div class=\"elementor-widget-wrap elementor-element-populated\">\n\t\t\t\t\t\t<div class=\"elementor-element elementor-element-924c038 elementor-widget elementor-widget-spacer\" data-id=\"924c038\" data-element_type=\"widget\" data-e-type=\"widget\" data-widget_type=\"spacer.default\">\n\t\t\t\t<div class=\"elementor-widget-container\">\n\t\t\t\t\t\t\t<div class=\"elementor-spacer\">\n\t\t\t<div class=\"elementor-spacer-inner\"><\/div>\n\t\t<\/div>\n\t\t\t\t\t\t<\/div>\n\t\t\t\t<\/div>\n\t\t\t\t<section class=\"elementor-section elementor-inner-section elementor-element elementor-element-783b20f elementor-section-boxed elementor-section-height-default elementor-section-height-default wpr-particle-no wpr-jarallax-no wpr-parallax-no wpr-sticky-section-no wpr-equal-height-no\" data-id=\"783b20f\" data-element_type=\"section\" data-e-type=\"section\">\n\t\t\t\t\t\t<div class=\"elementor-container elementor-column-gap-default\">\n\t\t\t\t\t<div class=\"elementor-column elementor-col-100 elementor-inner-column elementor-element elementor-element-226231a\" data-id=\"226231a\" data-element_type=\"column\" data-e-type=\"column\">\n\t\t\t<div class=\"elementor-widget-wrap elementor-element-populated\">\n\t\t\t\t\t\t<div class=\"elementor-element elementor-element-26501cb elementor-widget elementor-widget-heading\" data-id=\"26501cb\" data-element_type=\"widget\" data-e-type=\"widget\" data-widget_type=\"heading.default\">\n\t\t\t\t<div class=\"elementor-widget-container\">\n\t\t\t\t\t<h1 class=\"elementor-heading-title elementor-size-default\">Zusammen sind wir stark!<\/h1>\t\t\t\t<\/div>\n\t\t\t\t<\/div>\n\t\t\t\t\t<\/div>\n\t\t<\/div>\n\t\t\t\t\t<\/div>\n\t\t<\/section>\n\t\t\t\t<section class=\"elementor-section elementor-inner-section elementor-element elementor-element-5253b9f elementor-section-boxed elementor-section-height-default elementor-section-height-default wpr-particle-no wpr-jarallax-no wpr-parallax-no wpr-sticky-section-no wpr-equal-height-no\" data-id=\"5253b9f\" data-element_type=\"section\" data-e-type=\"section\">\n\t\t\t\t\t\t<div class=\"elementor-container elementor-column-gap-default\">\n\t\t\t\t\t<div class=\"elementor-column elementor-col-100 elementor-inner-column elementor-element elementor-element-c7578b7\" data-id=\"c7578b7\" data-element_type=\"column\" data-e-type=\"column\">\n\t\t\t<div class=\"elementor-widget-wrap elementor-element-populated\">\n\t\t\t\t\t\t<div class=\"elementor-element elementor-element-781a2ea elementor-widget elementor-widget-text-editor\" data-id=\"781a2ea\" data-element_type=\"widget\" data-e-type=\"widget\" data-widget_type=\"text-editor.default\">\n\t\t\t\t<div class=\"elementor-widget-container\">\n\t\t\t\t\t\t\t\t\t<p>Unser Team besteht aus passionierten Orthop\u00e4dietechniker*innen und Meister*innen, die sich mit Leidenschaft speziell der Prothetik widmen. Wir gehen mit der Zeit, mit der Technik und mit unseren Kund*innen, um immer die bestm\u00f6gliche Versorgung zu bieten.<\/p><p>Zusammen arbeitet unser interdisziplin\u00e4res Team mit unseren Kundinnen und Kunden an der Definition ihrer pers\u00f6nlichen Ziele \u2013 <br \/>und sorgt daf\u00fcr, dass sie erreicht werden.<\/p>\t\t\t\t\t\t\t\t<\/div>\n\t\t\t\t<\/div>\n\t\t\t\t\t<\/div>\n\t\t<\/div>\n\t\t\t\t\t<\/div>\n\t\t<\/section>\n\t\t\t\t\t<\/div>\n\t\t<\/div>\n\t\t\t\t\t<\/div>\n\t\t<\/section>\n\t\t\t\t<section class=\"elementor-section elementor-top-section elementor-element elementor-element-5949b80 elementor-hidden-tablet elementor-hidden-desktop elementor-section-boxed elementor-section-height-default elementor-section-height-default wpr-particle-no wpr-jarallax-no wpr-parallax-no wpr-sticky-section-no wpr-equal-height-no\" data-id=\"5949b80\" data-element_type=\"section\" data-e-type=\"section\" data-settings=\"{&quot;background_background&quot;:&quot;classic&quot;}\">\n\t\t\t\t\t\t<div class=\"elementor-container elementor-column-gap-no\">\n\t\t\t\t\t<div class=\"elementor-column elementor-col-100 elementor-top-column elementor-element elementor-element-805079f\" data-id=\"805079f\" data-element_type=\"column\" data-e-type=\"column\">\n\t\t\t<div class=\"elementor-widget-wrap elementor-element-populated\">\n\t\t\t\t\t\t<div class=\"elementor-element elementor-element-20ef4f4 elementor-widget elementor-widget-spacer\" data-id=\"20ef4f4\" data-element_type=\"widget\" data-e-type=\"widget\" data-widget_type=\"spacer.default\">\n\t\t\t\t<div class=\"elementor-widget-container\">\n\t\t\t\t\t\t\t<div class=\"elementor-spacer\">\n\t\t\t<div class=\"elementor-spacer-inner\"><\/div>\n\t\t<\/div>\n\t\t\t\t\t\t<\/div>\n\t\t\t\t<\/div>\n\t\t\t\t<section class=\"elementor-section elementor-inner-section elementor-element elementor-element-a658b0f elementor-section-boxed elementor-section-height-default elementor-section-height-default wpr-particle-no wpr-jarallax-no wpr-parallax-no wpr-sticky-section-no wpr-equal-height-no\" data-id=\"a658b0f\" data-element_type=\"section\" data-e-type=\"section\">\n\t\t\t\t\t\t<div class=\"elementor-container elementor-column-gap-default\">\n\t\t\t\t\t<div class=\"elementor-column elementor-col-100 elementor-inner-column elementor-element elementor-element-2806657\" data-id=\"2806657\" data-element_type=\"column\" data-e-type=\"column\">\n\t\t\t<div class=\"elementor-widget-wrap elementor-element-populated\">\n\t\t\t\t\t\t<div class=\"elementor-element elementor-element-54de8e4 elementor-widget elementor-widget-heading\" data-id=\"54de8e4\" data-element_type=\"widget\" data-e-type=\"widget\" data-widget_type=\"heading.default\">\n\t\t\t\t<div class=\"elementor-widget-container\">\n\t\t\t\t\t<h1 class=\"elementor-heading-title elementor-size-default\">Zusammen sind wir stark!<\/h1>\t\t\t\t<\/div>\n\t\t\t\t<\/div>\n\t\t\t\t\t<\/div>\n\t\t<\/div>\n\t\t\t\t\t<\/div>\n\t\t<\/section>\n\t\t\t\t<section class=\"elementor-section elementor-inner-section elementor-element elementor-element-ea72e61 elementor-section-boxed elementor-section-height-default elementor-section-height-default wpr-particle-no wpr-jarallax-no wpr-parallax-no wpr-sticky-section-no wpr-equal-height-no\" data-id=\"ea72e61\" data-element_type=\"section\" data-e-type=\"section\">\n\t\t\t\t\t\t<div class=\"elementor-container elementor-column-gap-no\">\n\t\t\t\t\t<div class=\"elementor-column elementor-col-100 elementor-inner-column elementor-element elementor-element-4b9f3e1\" data-id=\"4b9f3e1\" data-element_type=\"column\" data-e-type=\"column\">\n\t\t\t<div class=\"elementor-widget-wrap elementor-element-populated\">\n\t\t\t\t\t\t<div class=\"elementor-element elementor-element-6f393cb elementor-widget elementor-widget-text-editor\" data-id=\"6f393cb\" data-element_type=\"widget\" data-e-type=\"widget\" data-widget_type=\"text-editor.default\">\n\t\t\t\t<div class=\"elementor-widget-container\">\n\t\t\t\t\t\t\t\t\t<p>Unser Team besteht aus passionierten Orthop\u00e4dietechniker*innen und Meister*innen, die sich mit Leidenschaft speziell der Prothetik widmen. Wir gehen mit der Zeit, mit der Technik und mit unseren Kund*innen, um immer die bestm\u00f6gliche Versorgung zu bieten.<\/p><p>Zusammen arbeitet unser interdisziplin\u00e4res Team mit unseren Kundinnen und Kunden an der Definition ihrer pers\u00f6n-lichen Ziele \u2013 und sorgt daf\u00fcr, dass sie erreicht werden.<\/p>\t\t\t\t\t\t\t\t<\/div>\n\t\t\t\t<\/div>\n\t\t\t\t<div class=\"elementor-element elementor-element-ec781a1 elementor-widget-divider--view-line elementor-widget elementor-widget-divider\" data-id=\"ec781a1\" data-element_type=\"widget\" data-e-type=\"widget\" data-widget_type=\"divider.default\">\n\t\t\t\t<div class=\"elementor-widget-container\">\n\t\t\t\t\t\t\t<div class=\"elementor-divider\">\n\t\t\t<span class=\"elementor-divider-separator\">\n\t\t\t\t\t\t<\/span>\n\t\t<\/div>\n\t\t\t\t\t\t<\/div>\n\t\t\t\t<\/div>\n\t\t\t\t\t<\/div>\n\t\t<\/div>\n\t\t\t\t\t<\/div>\n\t\t<\/section>\n\t\t\t\t\t<\/div>\n\t\t<\/div>\n\t\t\t\t\t<\/div>\n\t\t<\/section>\n\t\t\t\t<section class=\"elementor-section elementor-top-section elementor-element elementor-element-5d7994f elementor-hidden-tablet elementor-hidden-desktop elementor-section-boxed elementor-section-height-default elementor-section-height-default wpr-particle-no wpr-jarallax-no wpr-parallax-no wpr-sticky-section-no wpr-equal-height-no\" data-id=\"5d7994f\" data-element_type=\"section\" data-e-type=\"section\" data-settings=\"{&quot;background_background&quot;:&quot;classic&quot;}\">\n\t\t\t\t\t\t<div class=\"elementor-container elementor-column-gap-no\">\n\t\t\t\t\t<div class=\"elementor-column elementor-col-100 elementor-top-column elementor-element elementor-element-f6d1789\" data-id=\"f6d1789\" data-element_type=\"column\" data-e-type=\"column\">\n\t\t\t<div class=\"elementor-widget-wrap elementor-element-populated\">\n\t\t\t\t\t\t<div class=\"elementor-element elementor-element-12c1198 elementor-widget elementor-widget-spacer\" data-id=\"12c1198\" data-element_type=\"widget\" data-e-type=\"widget\" data-widget_type=\"spacer.default\">\n\t\t\t\t<div class=\"elementor-widget-container\">\n\t\t\t\t\t\t\t<div class=\"elementor-spacer\">\n\t\t\t<div class=\"elementor-spacer-inner\"><\/div>\n\t\t<\/div>\n\t\t\t\t\t\t<\/div>\n\t\t\t\t<\/div>\n\t\t\t\t<section class=\"elementor-section elementor-inner-section elementor-element elementor-element-892595d elementor-section-boxed elementor-section-height-default elementor-section-height-default wpr-particle-no wpr-jarallax-no wpr-parallax-no wpr-sticky-section-no wpr-equal-height-no\" data-id=\"892595d\" data-element_type=\"section\" data-e-type=\"section\">\n\t\t\t\t\t\t<div class=\"elementor-container elementor-column-gap-default\">\n\t\t\t\t\t<div class=\"elementor-column elementor-col-100 elementor-inner-column elementor-element elementor-element-b0bd3e0\" data-id=\"b0bd3e0\" data-element_type=\"column\" data-e-type=\"column\">\n\t\t\t<div class=\"elementor-widget-wrap elementor-element-populated\">\n\t\t\t\t\t\t<div class=\"elementor-element elementor-element-faa1c0d elementor-widget elementor-widget-heading\" data-id=\"faa1c0d\" data-element_type=\"widget\" data-e-type=\"widget\" data-widget_type=\"heading.default\">\n\t\t\t\t<div class=\"elementor-widget-container\">\n\t\t\t\t\t<h2 class=\"elementor-heading-title elementor-size-default\">K\u00f6ln<\/h2>\t\t\t\t<\/div>\n\t\t\t\t<\/div>\n\t\t\t\t\t<\/div>\n\t\t<\/div>\n\t\t\t\t\t<\/div>\n\t\t<\/section>\n\t\t\t\t<section class=\"elementor-section elementor-inner-section elementor-element elementor-element-4316003 elementor-section-boxed elementor-section-height-default elementor-section-height-default wpr-particle-no wpr-jarallax-no wpr-parallax-no wpr-sticky-section-no wpr-equal-height-no\" data-id=\"4316003\" data-element_type=\"section\" data-e-type=\"section\">\n\t\t\t\t\t\t<div class=\"elementor-container elementor-column-gap-no\">\n\t\t\t\t\t<div class=\"elementor-column elementor-col-100 elementor-inner-column elementor-element elementor-element-ae7c905\" data-id=\"ae7c905\" data-element_type=\"column\" data-e-type=\"column\">\n\t\t\t<div class=\"elementor-widget-wrap elementor-element-populated\">\n\t\t\t\t\t\t<div class=\"elementor-element elementor-element-b0e40eb elementor-widget elementor-widget-text-editor\" data-id=\"b0e40eb\" data-element_type=\"widget\" data-e-type=\"widget\" data-widget_type=\"text-editor.default\">\n\t\t\t\t<div class=\"elementor-widget-container\">\n\t\t\t\t\t\t\t\t\t<p>Im Stadtteil Braunsfeld befindet sich der Stammsitz der <br \/><span style=\"color: #827d23;\">LENTES PROTHESENWERKSTATT<\/span><\/p>\t\t\t\t\t\t\t\t<\/div>\n\t\t\t\t<\/div>\n\t\t\t\t<div class=\"elementor-element elementor-element-547330d elementor-widget-divider--view-line elementor-widget elementor-widget-divider\" data-id=\"547330d\" data-element_type=\"widget\" data-e-type=\"widget\" data-widget_type=\"divider.default\">\n\t\t\t\t<div class=\"elementor-widget-container\">\n\t\t\t\t\t\t\t<div class=\"elementor-divider\">\n\t\t\t<span class=\"elementor-divider-separator\">\n\t\t\t\t\t\t<\/span>\n\t\t<\/div>\n\t\t\t\t\t\t<\/div>\n\t\t\t\t<\/div>\n\t\t\t\t\t<\/div>\n\t\t<\/div>\n\t\t\t\t\t<\/div>\n\t\t<\/section>\n\t\t\t\t\t<\/div>\n\t\t<\/div>\n\t\t\t\t\t<\/div>\n\t\t<\/section>\n\t\t\t\t<section class=\"elementor-section elementor-top-section elementor-element elementor-element-0534884 elementor-hidden-desktop elementor-hidden-mobile elementor-section-boxed elementor-section-height-default elementor-section-height-default wpr-particle-no wpr-jarallax-no wpr-parallax-no wpr-sticky-section-no wpr-equal-height-no\" data-id=\"0534884\" data-element_type=\"section\" data-e-type=\"section\" data-settings=\"{&quot;background_background&quot;:&quot;classic&quot;}\">\n\t\t\t\t\t\t<div class=\"elementor-container elementor-column-gap-default\">\n\t\t\t\t\t<div class=\"elementor-column elementor-col-100 elementor-top-column elementor-element elementor-element-b775f3f\" data-id=\"b775f3f\" data-element_type=\"column\" data-e-type=\"column\">\n\t\t\t<div class=\"elementor-widget-wrap elementor-element-populated\">\n\t\t\t\t\t\t<div class=\"elementor-element elementor-element-55bb7ee elementor-widget elementor-widget-spacer\" data-id=\"55bb7ee\" data-element_type=\"widget\" data-e-type=\"widget\" data-widget_type=\"spacer.default\">\n\t\t\t\t<div class=\"elementor-widget-container\">\n\t\t\t\t\t\t\t<div class=\"elementor-spacer\">\n\t\t\t<div class=\"elementor-spacer-inner\"><\/div>\n\t\t<\/div>\n\t\t\t\t\t\t<\/div>\n\t\t\t\t<\/div>\n\t\t\t\t<section class=\"elementor-section elementor-inner-section elementor-element elementor-element-9f4a9e5 elementor-section-boxed elementor-section-height-default elementor-section-height-default wpr-particle-no wpr-jarallax-no wpr-parallax-no wpr-sticky-section-no wpr-equal-height-no\" data-id=\"9f4a9e5\" data-element_type=\"section\" data-e-type=\"section\">\n\t\t\t\t\t\t<div class=\"elementor-container elementor-column-gap-default\">\n\t\t\t\t\t<div class=\"elementor-column elementor-col-100 elementor-inner-column elementor-element elementor-element-d806f5f\" data-id=\"d806f5f\" data-element_type=\"column\" data-e-type=\"column\">\n\t\t\t<div class=\"elementor-widget-wrap elementor-element-populated\">\n\t\t\t\t\t\t<div class=\"elementor-element elementor-element-e1cb65f elementor-widget elementor-widget-heading\" data-id=\"e1cb65f\" data-element_type=\"widget\" data-e-type=\"widget\" data-widget_type=\"heading.default\">\n\t\t\t\t<div class=\"elementor-widget-container\">\n\t\t\t\t\t<h2 class=\"elementor-heading-title elementor-size-default\">K\u00f6ln<\/h2>\t\t\t\t<\/div>\n\t\t\t\t<\/div>\n\t\t\t\t\t<\/div>\n\t\t<\/div>\n\t\t\t\t\t<\/div>\n\t\t<\/section>\n\t\t\t\t<section class=\"elementor-section elementor-inner-section elementor-element elementor-element-128f66b elementor-section-boxed elementor-section-height-default elementor-section-height-default wpr-particle-no wpr-jarallax-no wpr-parallax-no wpr-sticky-section-no wpr-equal-height-no\" data-id=\"128f66b\" data-element_type=\"section\" data-e-type=\"section\">\n\t\t\t\t\t\t<div class=\"elementor-container elementor-column-gap-default\">\n\t\t\t\t\t<div class=\"elementor-column elementor-col-100 elementor-inner-column elementor-element elementor-element-3a952e4\" data-id=\"3a952e4\" data-element_type=\"column\" data-e-type=\"column\">\n\t\t\t<div class=\"elementor-widget-wrap elementor-element-populated\">\n\t\t\t\t\t\t<div class=\"elementor-element elementor-element-8a771fc elementor-widget elementor-widget-text-editor\" data-id=\"8a771fc\" data-element_type=\"widget\" data-e-type=\"widget\" data-widget_type=\"text-editor.default\">\n\t\t\t\t<div class=\"elementor-widget-container\">\n\t\t\t\t\t\t\t\t\t<p>Im Stadtteil Braunsfeld befindet sich der Stammsitz der <span style=\"color: #827d23;\">LENTES PROTHESENWERKSTATT<\/span><\/p>\t\t\t\t\t\t\t\t<\/div>\n\t\t\t\t<\/div>\n\t\t\t\t<div class=\"elementor-element elementor-element-3a21d13 elementor-widget-divider--view-line elementor-widget elementor-widget-divider\" data-id=\"3a21d13\" data-element_type=\"widget\" data-e-type=\"widget\" data-widget_type=\"divider.default\">\n\t\t\t\t<div class=\"elementor-widget-container\">\n\t\t\t\t\t\t\t<div class=\"elementor-divider\">\n\t\t\t<span class=\"elementor-divider-separator\">\n\t\t\t\t\t\t<\/span>\n\t\t<\/div>\n\t\t\t\t\t\t<\/div>\n\t\t\t\t<\/div>\n\t\t\t\t\t<\/div>\n\t\t<\/div>\n\t\t\t\t\t<\/div>\n\t\t<\/section>\n\t\t\t\t\t<\/div>\n\t\t<\/div>\n\t\t\t\t\t<\/div>\n\t\t<\/section>\n\t\t\t\t<section class=\"elementor-section elementor-top-section elementor-element elementor-element-ec49d31 elementor-hidden-tablet elementor-hidden-mobile elementor-section-boxed elementor-section-height-default elementor-section-height-default wpr-particle-no wpr-jarallax-no wpr-parallax-no wpr-sticky-section-no wpr-equal-height-no\" data-id=\"ec49d31\" data-element_type=\"section\" data-e-type=\"section\" data-settings=\"{&quot;background_background&quot;:&quot;classic&quot;}\">\n\t\t\t\t\t\t<div class=\"elementor-container elementor-column-gap-default\">\n\t\t\t\t\t<div class=\"elementor-column elementor-col-100 elementor-top-column elementor-element elementor-element-4ae7f14\" data-id=\"4ae7f14\" data-element_type=\"column\" data-e-type=\"column\">\n\t\t\t<div class=\"elementor-widget-wrap elementor-element-populated\">\n\t\t\t\t\t\t<div class=\"elementor-element elementor-element-efa227f elementor-widget elementor-widget-spacer\" data-id=\"efa227f\" data-element_type=\"widget\" data-e-type=\"widget\" data-widget_type=\"spacer.default\">\n\t\t\t\t<div class=\"elementor-widget-container\">\n\t\t\t\t\t\t\t<div class=\"elementor-spacer\">\n\t\t\t<div class=\"elementor-spacer-inner\"><\/div>\n\t\t<\/div>\n\t\t\t\t\t\t<\/div>\n\t\t\t\t<\/div>\n\t\t\t\t<section class=\"elementor-section elementor-inner-section elementor-element elementor-element-4323a01 elementor-section-boxed elementor-section-height-default elementor-section-height-default wpr-particle-no wpr-jarallax-no wpr-parallax-no wpr-sticky-section-no wpr-equal-height-no\" data-id=\"4323a01\" data-element_type=\"section\" data-e-type=\"section\">\n\t\t\t\t\t\t<div class=\"elementor-container elementor-column-gap-default\">\n\t\t\t\t\t<div class=\"elementor-column elementor-col-100 elementor-inner-column elementor-element elementor-element-5dd8b2c\" data-id=\"5dd8b2c\" data-element_type=\"column\" data-e-type=\"column\">\n\t\t\t<div class=\"elementor-widget-wrap elementor-element-populated\">\n\t\t\t\t\t\t<div class=\"elementor-element elementor-element-1f72e31 elementor-widget elementor-widget-heading\" data-id=\"1f72e31\" data-element_type=\"widget\" data-e-type=\"widget\" data-widget_type=\"heading.default\">\n\t\t\t\t<div class=\"elementor-widget-container\">\n\t\t\t\t\t<h2 class=\"elementor-heading-title elementor-size-default\">K\u00f6ln<\/h2>\t\t\t\t<\/div>\n\t\t\t\t<\/div>\n\t\t\t\t\t<\/div>\n\t\t<\/div>\n\t\t\t\t\t<\/div>\n\t\t<\/section>\n\t\t\t\t<section class=\"elementor-section elementor-inner-section elementor-element elementor-element-a1ac6b8 elementor-section-boxed elementor-section-height-default elementor-section-height-default wpr-particle-no wpr-jarallax-no wpr-parallax-no wpr-sticky-section-no wpr-equal-height-no\" data-id=\"a1ac6b8\" data-element_type=\"section\" data-e-type=\"section\">\n\t\t\t\t\t\t<div class=\"elementor-container elementor-column-gap-default\">\n\t\t\t\t\t<div class=\"elementor-column elementor-col-100 elementor-inner-column elementor-element elementor-element-2b3a4da\" data-id=\"2b3a4da\" data-element_type=\"column\" data-e-type=\"column\">\n\t\t\t<div class=\"elementor-widget-wrap elementor-element-populated\">\n\t\t\t\t\t\t<div class=\"elementor-element elementor-element-ddba75f elementor-widget elementor-widget-text-editor\" data-id=\"ddba75f\" data-element_type=\"widget\" data-e-type=\"widget\" data-widget_type=\"text-editor.default\">\n\t\t\t\t<div class=\"elementor-widget-container\">\n\t\t\t\t\t\t\t\t\t<p>Im Stadtteil Braunsfeld befindet sich der Stammsitz der <span style=\"color: #827d23;\">LENTES PROTHESENWERKSTATT<\/span><\/p>\t\t\t\t\t\t\t\t<\/div>\n\t\t\t\t<\/div>\n\t\t\t\t<div class=\"elementor-element elementor-element-a132914 elementor-widget-divider--view-line elementor-widget elementor-widget-divider\" data-id=\"a132914\" data-element_type=\"widget\" data-e-type=\"widget\" data-widget_type=\"divider.default\">\n\t\t\t\t<div class=\"elementor-widget-container\">\n\t\t\t\t\t\t\t<div class=\"elementor-divider\">\n\t\t\t<span class=\"elementor-divider-separator\">\n\t\t\t\t\t\t<\/span>\n\t\t<\/div>\n\t\t\t\t\t\t<\/div>\n\t\t\t\t<\/div>\n\t\t\t\t\t<\/div>\n\t\t<\/div>\n\t\t\t\t\t<\/div>\n\t\t<\/section>\n\t\t\t\t\t<\/div>\n\t\t<\/div>\n\t\t\t\t\t<\/div>\n\t\t<\/section>\n\t\t\t\t<section class=\"elementor-section elementor-top-section elementor-element elementor-element-b36f944 elementor-hidden-desktop elementor-hidden-mobile elementor-section-boxed elementor-section-height-default elementor-section-height-default wpr-particle-no wpr-jarallax-no wpr-parallax-no wpr-sticky-section-no wpr-equal-height-no\" data-id=\"b36f944\" data-element_type=\"section\" data-e-type=\"section\" data-settings=\"{&quot;background_background&quot;:&quot;classic&quot;}\">\n\t\t\t\t\t\t<div class=\"elementor-container elementor-column-gap-wide\">\n\t\t\t\t\t<div class=\"elementor-column elementor-col-50 elementor-top-column elementor-element elementor-element-c19522d\" data-id=\"c19522d\" data-element_type=\"column\" data-e-type=\"column\">\n\t\t\t<div class=\"elementor-widget-wrap elementor-element-populated\">\n\t\t\t\t\t\t<div class=\"elementor-element elementor-element-9e18c46 elementor-widget elementor-widget-image\" data-id=\"9e18c46\" data-element_type=\"widget\" data-e-type=\"widget\" data-widget_type=\"image.default\">\n\t\t\t\t<div class=\"elementor-widget-container\">\n\t\t\t\t\t\t\t\t\t\t\t\t\t\t\t<img fetchpriority=\"high\" decoding=\"async\" width=\"2560\" height=\"1707\" src=\"https:\/\/lentes-prothesenwerkstatt.de\/wp-content\/uploads\/2021\/06\/jan_lentes_03.jpg\" class=\"attachment-full size-full wp-image-4312\" alt=\"Jan Lentes - Lentes Prothesenwerkstatt K\u00f6ln\" srcset=\"https:\/\/lentes-prothesenwerkstatt.de\/wp-content\/uploads\/2021\/06\/jan_lentes_03.jpg 2560w, https:\/\/lentes-prothesenwerkstatt.de\/wp-content\/uploads\/2021\/06\/jan_lentes_03-300x200.jpg 300w, https:\/\/lentes-prothesenwerkstatt.de\/wp-content\/uploads\/2021\/06\/jan_lentes_03-1024x683.jpg 1024w, https:\/\/lentes-prothesenwerkstatt.de\/wp-content\/uploads\/2021\/06\/jan_lentes_03-768x512.jpg 768w, https:\/\/lentes-prothesenwerkstatt.de\/wp-content\/uploads\/2021\/06\/jan_lentes_03-1536x1024.jpg 1536w, https:\/\/lentes-prothesenwerkstatt.de\/wp-content\/uploads\/2021\/06\/jan_lentes_03-2048x1366.jpg 2048w\" sizes=\"(max-width: 2560px) 100vw, 2560px\" \/>\t\t\t\t\t\t\t\t\t\t\t\t\t\t\t<\/div>\n\t\t\t\t<\/div>\n\t\t\t\t<div class=\"elementor-element elementor-element-5c3a4d4 elementor-widget elementor-widget-heading\" data-id=\"5c3a4d4\" data-element_type=\"widget\" data-e-type=\"widget\" data-widget_type=\"heading.default\">\n\t\t\t\t<div class=\"elementor-widget-container\">\n\t\t\t\t\t<p class=\"elementor-heading-title elementor-size-default\">jan lentes<\/p>\t\t\t\t<\/div>\n\t\t\t\t<\/div>\n\t\t\t\t<div class=\"elementor-element elementor-element-1ba1e2a elementor-widget elementor-widget-text-editor\" data-id=\"1ba1e2a\" data-element_type=\"widget\" data-e-type=\"widget\" data-widget_type=\"text-editor.default\">\n\t\t\t\t<div class=\"elementor-widget-container\">\n\t\t\t\t\t\t\t\t\t<p style=\"text-align: left;\">Orthop\u00e4dietechnikermeister<br \/>Inhaber <span style=\"color: #827d23;\">LENTES PROTHESENWERKSTATT<\/span> K\u00f6ln <br \/>Gesch\u00e4ftsfu\u0308hrer <span style=\"color: #808000;\">\u00a0Leverkusen und D\u00fcren\u00a0\u00a0<\/span><\/p>\t\t\t\t\t\t\t\t<\/div>\n\t\t\t\t<\/div>\n\t\t\t\t\t<\/div>\n\t\t<\/div>\n\t\t\t\t<div class=\"elementor-column elementor-col-50 elementor-top-column elementor-element elementor-element-f245da9\" data-id=\"f245da9\" data-element_type=\"column\" data-e-type=\"column\">\n\t\t\t<div class=\"elementor-widget-wrap elementor-element-populated\">\n\t\t\t\t\t\t<div class=\"elementor-element elementor-element-5482745 elementor-widget elementor-widget-image\" data-id=\"5482745\" data-element_type=\"widget\" data-e-type=\"widget\" data-widget_type=\"image.default\">\n\t\t\t\t<div class=\"elementor-widget-container\">\n\t\t\t\t\t\t\t\t\t\t\t\t\t\t\t<img decoding=\"async\" width=\"2560\" height=\"1707\" src=\"https:\/\/lentes-prothesenwerkstatt.de\/wp-content\/uploads\/2021\/06\/Yannik_Sondermeier_02.jpg\" class=\"attachment-full size-full wp-image-4310\" alt=\"Yannick Sondermeier - Lentes Prothesenwerkstatt K\u00f6ln\" srcset=\"https:\/\/lentes-prothesenwerkstatt.de\/wp-content\/uploads\/2021\/06\/Yannik_Sondermeier_02.jpg 2560w, https:\/\/lentes-prothesenwerkstatt.de\/wp-content\/uploads\/2021\/06\/Yannik_Sondermeier_02-300x200.jpg 300w, https:\/\/lentes-prothesenwerkstatt.de\/wp-content\/uploads\/2021\/06\/Yannik_Sondermeier_02-1024x683.jpg 1024w, https:\/\/lentes-prothesenwerkstatt.de\/wp-content\/uploads\/2021\/06\/Yannik_Sondermeier_02-768x512.jpg 768w, https:\/\/lentes-prothesenwerkstatt.de\/wp-content\/uploads\/2021\/06\/Yannik_Sondermeier_02-1536x1024.jpg 1536w, https:\/\/lentes-prothesenwerkstatt.de\/wp-content\/uploads\/2021\/06\/Yannik_Sondermeier_02-2048x1366.jpg 2048w\" sizes=\"(max-width: 2560px) 100vw, 2560px\" \/>\t\t\t\t\t\t\t\t\t\t\t\t\t\t\t<\/div>\n\t\t\t\t<\/div>\n\t\t\t\t<div class=\"elementor-element elementor-element-4d68f93 elementor-widget elementor-widget-heading\" data-id=\"4d68f93\" data-element_type=\"widget\" data-e-type=\"widget\" data-widget_type=\"heading.default\">\n\t\t\t\t<div class=\"elementor-widget-container\">\n\t\t\t\t\t<p class=\"elementor-heading-title elementor-size-default\">Yannick Sondermeier<\/p>\t\t\t\t<\/div>\n\t\t\t\t<\/div>\n\t\t\t\t<div class=\"elementor-element elementor-element-7def04b elementor-widget elementor-widget-text-editor\" data-id=\"7def04b\" data-element_type=\"widget\" data-e-type=\"widget\" data-widget_type=\"text-editor.default\">\n\t\t\t\t<div class=\"elementor-widget-container\">\n\t\t\t\t\t\t\t\t\t<p>Orthop\u00e4dietechnikermeister <span style=\"color: #808000;\">\u25cf<\/span> Werkstattleiter<\/p>\t\t\t\t\t\t\t\t<\/div>\n\t\t\t\t<\/div>\n\t\t\t\t\t<\/div>\n\t\t<\/div>\n\t\t\t\t\t<\/div>\n\t\t<\/section>\n\t\t\t\t<section class=\"elementor-section elementor-top-section elementor-element elementor-element-85acc9c elementor-hidden-desktop elementor-hidden-tablet elementor-section-boxed elementor-section-height-default elementor-section-height-default wpr-particle-no wpr-jarallax-no wpr-parallax-no wpr-sticky-section-no wpr-equal-height-no\" data-id=\"85acc9c\" data-element_type=\"section\" data-e-type=\"section\" data-settings=\"{&quot;background_background&quot;:&quot;classic&quot;}\">\n\t\t\t\t\t\t<div class=\"elementor-container elementor-column-gap-wide\">\n\t\t\t\t\t<div class=\"elementor-column elementor-col-100 elementor-top-column elementor-element elementor-element-ce22257\" data-id=\"ce22257\" data-element_type=\"column\" data-e-type=\"column\">\n\t\t\t<div class=\"elementor-widget-wrap elementor-element-populated\">\n\t\t\t\t\t\t<div class=\"elementor-element elementor-element-f4015eb elementor-widget elementor-widget-image\" data-id=\"f4015eb\" data-element_type=\"widget\" data-e-type=\"widget\" data-widget_type=\"image.default\">\n\t\t\t\t<div class=\"elementor-widget-container\">\n\t\t\t\t\t\t\t\t\t\t\t\t\t\t\t<img fetchpriority=\"high\" decoding=\"async\" width=\"2560\" height=\"1707\" src=\"https:\/\/lentes-prothesenwerkstatt.de\/wp-content\/uploads\/2021\/06\/jan_lentes_03.jpg\" class=\"attachment-full size-full wp-image-4312\" alt=\"Jan Lentes - Lentes Prothesenwerkstatt K\u00f6ln\" srcset=\"https:\/\/lentes-prothesenwerkstatt.de\/wp-content\/uploads\/2021\/06\/jan_lentes_03.jpg 2560w, https:\/\/lentes-prothesenwerkstatt.de\/wp-content\/uploads\/2021\/06\/jan_lentes_03-300x200.jpg 300w, https:\/\/lentes-prothesenwerkstatt.de\/wp-content\/uploads\/2021\/06\/jan_lentes_03-1024x683.jpg 1024w, https:\/\/lentes-prothesenwerkstatt.de\/wp-content\/uploads\/2021\/06\/jan_lentes_03-768x512.jpg 768w, https:\/\/lentes-prothesenwerkstatt.de\/wp-content\/uploads\/2021\/06\/jan_lentes_03-1536x1024.jpg 1536w, https:\/\/lentes-prothesenwerkstatt.de\/wp-content\/uploads\/2021\/06\/jan_lentes_03-2048x1366.jpg 2048w\" sizes=\"(max-width: 2560px) 100vw, 2560px\" \/>\t\t\t\t\t\t\t\t\t\t\t\t\t\t\t<\/div>\n\t\t\t\t<\/div>\n\t\t\t\t<div class=\"elementor-element elementor-element-18fc247 elementor-widget elementor-widget-heading\" data-id=\"18fc247\" data-element_type=\"widget\" data-e-type=\"widget\" data-widget_type=\"heading.default\">\n\t\t\t\t<div class=\"elementor-widget-container\">\n\t\t\t\t\t<p class=\"elementor-heading-title elementor-size-default\">jan lentes<\/p>\t\t\t\t<\/div>\n\t\t\t\t<\/div>\n\t\t\t\t<div class=\"elementor-element elementor-element-9f2c2f2 elementor-widget elementor-widget-text-editor\" data-id=\"9f2c2f2\" data-element_type=\"widget\" data-e-type=\"widget\" data-widget_type=\"text-editor.default\">\n\t\t\t\t<div class=\"elementor-widget-container\">\n\t\t\t\t\t\t\t\t\t<p style=\"text-align: left;\">Orthop\u00e4dietechnikermeister<br \/>Inhaber <span style=\"color: #827d23;\">LENTES PROTHESENWERKSTATT<\/span>\u00a0 K\u00f6ln<br \/>Gesch\u00e4ftsfu\u0308hrer \u00a0<span style=\"color: #808000;\">Leverkusen und D\u00fcren<\/span>\u00a0 <span style=\"color: #808000;\">\u00a0<\/span><\/p>\t\t\t\t\t\t\t\t<\/div>\n\t\t\t\t<\/div>\n\t\t\t\t<div class=\"elementor-element elementor-element-8064e3f elementor-widget elementor-widget-image\" data-id=\"8064e3f\" data-element_type=\"widget\" data-e-type=\"widget\" data-widget_type=\"image.default\">\n\t\t\t\t<div class=\"elementor-widget-container\">\n\t\t\t\t\t\t\t\t\t\t\t\t\t\t\t<img decoding=\"async\" width=\"2560\" height=\"1707\" src=\"https:\/\/lentes-prothesenwerkstatt.de\/wp-content\/uploads\/2021\/06\/Yannik_Sondermeier_02.jpg\" class=\"attachment-full size-full wp-image-4310\" alt=\"Yannick Sondermeier - Lentes Prothesenwerkstatt K\u00f6ln\" srcset=\"https:\/\/lentes-prothesenwerkstatt.de\/wp-content\/uploads\/2021\/06\/Yannik_Sondermeier_02.jpg 2560w, https:\/\/lentes-prothesenwerkstatt.de\/wp-content\/uploads\/2021\/06\/Yannik_Sondermeier_02-300x200.jpg 300w, https:\/\/lentes-prothesenwerkstatt.de\/wp-content\/uploads\/2021\/06\/Yannik_Sondermeier_02-1024x683.jpg 1024w, https:\/\/lentes-prothesenwerkstatt.de\/wp-content\/uploads\/2021\/06\/Yannik_Sondermeier_02-768x512.jpg 768w, https:\/\/lentes-prothesenwerkstatt.de\/wp-content\/uploads\/2021\/06\/Yannik_Sondermeier_02-1536x1024.jpg 1536w, https:\/\/lentes-prothesenwerkstatt.de\/wp-content\/uploads\/2021\/06\/Yannik_Sondermeier_02-2048x1366.jpg 2048w\" sizes=\"(max-width: 2560px) 100vw, 2560px\" \/>\t\t\t\t\t\t\t\t\t\t\t\t\t\t\t<\/div>\n\t\t\t\t<\/div>\n\t\t\t\t<div class=\"elementor-element elementor-element-f4e83ae elementor-widget elementor-widget-heading\" data-id=\"f4e83ae\" data-element_type=\"widget\" data-e-type=\"widget\" data-widget_type=\"heading.default\">\n\t\t\t\t<div class=\"elementor-widget-container\">\n\t\t\t\t\t<p class=\"elementor-heading-title elementor-size-default\">Yannick Sondermeier<\/p>\t\t\t\t<\/div>\n\t\t\t\t<\/div>\n\t\t\t\t<div class=\"elementor-element elementor-element-70bcddc elementor-widget elementor-widget-text-editor\" data-id=\"70bcddc\" data-element_type=\"widget\" data-e-type=\"widget\" data-widget_type=\"text-editor.default\">\n\t\t\t\t<div class=\"elementor-widget-container\">\n\t\t\t\t\t\t\t\t\t<p>Orthop\u00e4dietechnikermeister <span style=\"color: #808000;\">\u25cf<\/span> Werkstattleiter<\/p>\t\t\t\t\t\t\t\t<\/div>\n\t\t\t\t<\/div>\n\t\t\t\t<div class=\"elementor-element elementor-element-952afaa elementor-widget elementor-widget-image\" data-id=\"952afaa\" data-element_type=\"widget\" data-e-type=\"widget\" data-widget_type=\"image.default\">\n\t\t\t\t<div class=\"elementor-widget-container\">\n\t\t\t\t\t\t\t\t\t\t\t\t\t\t\t<img decoding=\"async\" width=\"1536\" height=\"1024\" src=\"https:\/\/lentes-prothesenwerkstatt.de\/wp-content\/uploads\/2024\/12\/Nicole_Lentes_1536x1024_px.jpg\" class=\"attachment-full size-full wp-image-11833\" alt=\"\" srcset=\"https:\/\/lentes-prothesenwerkstatt.de\/wp-content\/uploads\/2024\/12\/Nicole_Lentes_1536x1024_px.jpg 1536w, https:\/\/lentes-prothesenwerkstatt.de\/wp-content\/uploads\/2024\/12\/Nicole_Lentes_1536x1024_px-300x200.jpg 300w, https:\/\/lentes-prothesenwerkstatt.de\/wp-content\/uploads\/2024\/12\/Nicole_Lentes_1536x1024_px-1024x683.jpg 1024w, https:\/\/lentes-prothesenwerkstatt.de\/wp-content\/uploads\/2024\/12\/Nicole_Lentes_1536x1024_px-768x512.jpg 768w\" sizes=\"(max-width: 1536px) 100vw, 1536px\" \/>\t\t\t\t\t\t\t\t\t\t\t\t\t\t\t<\/div>\n\t\t\t\t<\/div>\n\t\t\t\t<div class=\"elementor-element elementor-element-96ee4d4 elementor-widget elementor-widget-heading\" data-id=\"96ee4d4\" data-element_type=\"widget\" data-e-type=\"widget\" data-widget_type=\"heading.default\">\n\t\t\t\t<div class=\"elementor-widget-container\">\n\t\t\t\t\t<p class=\"elementor-heading-title elementor-size-default\">nicole lentes<\/p>\t\t\t\t<\/div>\n\t\t\t\t<\/div>\n\t\t\t\t<div class=\"elementor-element elementor-element-dbd1209 elementor-widget elementor-widget-text-editor\" data-id=\"dbd1209\" data-element_type=\"widget\" data-e-type=\"widget\" data-widget_type=\"text-editor.default\">\n\t\t\t\t<div class=\"elementor-widget-container\">\n\t\t\t\t\t\t\t\t\t<p>B\u00fcro und Administration<\/p>\t\t\t\t\t\t\t\t<\/div>\n\t\t\t\t<\/div>\n\t\t\t\t<div class=\"elementor-element elementor-element-14c9b0d elementor-widget elementor-widget-image\" data-id=\"14c9b0d\" data-element_type=\"widget\" data-e-type=\"widget\" data-widget_type=\"image.default\">\n\t\t\t\t<div class=\"elementor-widget-container\">\n\t\t\t\t\t\t\t\t\t\t\t\t\t\t\t<img loading=\"lazy\" decoding=\"async\" width=\"1536\" height=\"1024\" src=\"https:\/\/lentes-prothesenwerkstatt.de\/wp-content\/uploads\/2024\/12\/Eva_Hartmann_1536x1024_px.jpg\" class=\"attachment-full size-full wp-image-11834\" alt=\"\" srcset=\"https:\/\/lentes-prothesenwerkstatt.de\/wp-content\/uploads\/2024\/12\/Eva_Hartmann_1536x1024_px.jpg 1536w, https:\/\/lentes-prothesenwerkstatt.de\/wp-content\/uploads\/2024\/12\/Eva_Hartmann_1536x1024_px-300x200.jpg 300w, https:\/\/lentes-prothesenwerkstatt.de\/wp-content\/uploads\/2024\/12\/Eva_Hartmann_1536x1024_px-1024x683.jpg 1024w, https:\/\/lentes-prothesenwerkstatt.de\/wp-content\/uploads\/2024\/12\/Eva_Hartmann_1536x1024_px-768x512.jpg 768w\" sizes=\"(max-width: 1536px) 100vw, 1536px\" \/>\t\t\t\t\t\t\t\t\t\t\t\t\t\t\t<\/div>\n\t\t\t\t<\/div>\n\t\t\t\t<div class=\"elementor-element elementor-element-01c8e07 elementor-widget elementor-widget-heading\" data-id=\"01c8e07\" data-element_type=\"widget\" data-e-type=\"widget\" data-widget_type=\"heading.default\">\n\t\t\t\t<div class=\"elementor-widget-container\">\n\t\t\t\t\t<p class=\"elementor-heading-title elementor-size-default\">EVA HARTMANN<\/p>\t\t\t\t<\/div>\n\t\t\t\t<\/div>\n\t\t\t\t<div class=\"elementor-element elementor-element-8561f4b elementor-widget elementor-widget-text-editor\" data-id=\"8561f4b\" data-element_type=\"widget\" data-e-type=\"widget\" data-widget_type=\"text-editor.default\">\n\t\t\t\t<div class=\"elementor-widget-container\">\n\t\t\t\t\t\t\t\t\t<p>Kauffrau im Gesundheitswesen<\/p>\t\t\t\t\t\t\t\t<\/div>\n\t\t\t\t<\/div>\n\t\t\t\t<div class=\"elementor-element elementor-element-dbabb17 elementor-widget elementor-widget-image\" data-id=\"dbabb17\" data-element_type=\"widget\" data-e-type=\"widget\" data-widget_type=\"image.default\">\n\t\t\t\t<div class=\"elementor-widget-container\">\n\t\t\t\t\t\t\t\t\t\t\t\t\t\t\t<img loading=\"lazy\" decoding=\"async\" width=\"2560\" height=\"1707\" src=\"https:\/\/lentes-prothesenwerkstatt.de\/wp-content\/uploads\/2023\/10\/Lothar_Kunz-scaled.jpg\" class=\"attachment-full size-full wp-image-11185\" alt=\"\" srcset=\"https:\/\/lentes-prothesenwerkstatt.de\/wp-content\/uploads\/2023\/10\/Lothar_Kunz-scaled.jpg 2560w, https:\/\/lentes-prothesenwerkstatt.de\/wp-content\/uploads\/2023\/10\/Lothar_Kunz-300x200.jpg 300w, https:\/\/lentes-prothesenwerkstatt.de\/wp-content\/uploads\/2023\/10\/Lothar_Kunz-1024x683.jpg 1024w, https:\/\/lentes-prothesenwerkstatt.de\/wp-content\/uploads\/2023\/10\/Lothar_Kunz-768x512.jpg 768w, https:\/\/lentes-prothesenwerkstatt.de\/wp-content\/uploads\/2023\/10\/Lothar_Kunz-1536x1024.jpg 1536w, https:\/\/lentes-prothesenwerkstatt.de\/wp-content\/uploads\/2023\/10\/Lothar_Kunz-2048x1365.jpg 2048w\" sizes=\"(max-width: 2560px) 100vw, 2560px\" \/>\t\t\t\t\t\t\t\t\t\t\t\t\t\t\t<\/div>\n\t\t\t\t<\/div>\n\t\t\t\t<div class=\"elementor-element elementor-element-e76a502 elementor-widget elementor-widget-heading\" data-id=\"e76a502\" data-element_type=\"widget\" data-e-type=\"widget\" data-widget_type=\"heading.default\">\n\t\t\t\t<div class=\"elementor-widget-container\">\n\t\t\t\t\t<p class=\"elementor-heading-title elementor-size-default\">lothar kunz<\/p>\t\t\t\t<\/div>\n\t\t\t\t<\/div>\n\t\t\t\t<div class=\"elementor-element elementor-element-4cfc60d elementor-widget elementor-widget-text-editor\" data-id=\"4cfc60d\" data-element_type=\"widget\" data-e-type=\"widget\" data-widget_type=\"text-editor.default\">\n\t\t\t\t<div class=\"elementor-widget-container\">\n\t\t\t\t\t\t\t\t\t<p>Orthop\u00e4dietechnikermeister<\/p>\t\t\t\t\t\t\t\t<\/div>\n\t\t\t\t<\/div>\n\t\t\t\t<div class=\"elementor-element elementor-element-97dd2b3 elementor-widget elementor-widget-image\" data-id=\"97dd2b3\" data-element_type=\"widget\" data-e-type=\"widget\" data-widget_type=\"image.default\">\n\t\t\t\t<div class=\"elementor-widget-container\">\n\t\t\t\t\t\t\t\t\t\t\t\t\t\t\t<img loading=\"lazy\" decoding=\"async\" width=\"1536\" height=\"1024\" src=\"https:\/\/lentes-prothesenwerkstatt.de\/wp-content\/uploads\/2024\/12\/Emilio_Evangelista_1536x1024_px.jpg\" class=\"attachment-full size-full wp-image-11835\" alt=\"\" srcset=\"https:\/\/lentes-prothesenwerkstatt.de\/wp-content\/uploads\/2024\/12\/Emilio_Evangelista_1536x1024_px.jpg 1536w, https:\/\/lentes-prothesenwerkstatt.de\/wp-content\/uploads\/2024\/12\/Emilio_Evangelista_1536x1024_px-300x200.jpg 300w, https:\/\/lentes-prothesenwerkstatt.de\/wp-content\/uploads\/2024\/12\/Emilio_Evangelista_1536x1024_px-1024x683.jpg 1024w, https:\/\/lentes-prothesenwerkstatt.de\/wp-content\/uploads\/2024\/12\/Emilio_Evangelista_1536x1024_px-768x512.jpg 768w\" sizes=\"(max-width: 1536px) 100vw, 1536px\" \/>\t\t\t\t\t\t\t\t\t\t\t\t\t\t\t<\/div>\n\t\t\t\t<\/div>\n\t\t\t\t<div class=\"elementor-element elementor-element-3b01858 elementor-widget elementor-widget-heading\" data-id=\"3b01858\" data-element_type=\"widget\" data-e-type=\"widget\" data-widget_type=\"heading.default\">\n\t\t\t\t<div class=\"elementor-widget-container\">\n\t\t\t\t\t<p class=\"elementor-heading-title elementor-size-default\">Emilio evangelista<\/p>\t\t\t\t<\/div>\n\t\t\t\t<\/div>\n\t\t\t\t<div class=\"elementor-element elementor-element-da9eb6c elementor-widget elementor-widget-text-editor\" data-id=\"da9eb6c\" data-element_type=\"widget\" data-e-type=\"widget\" data-widget_type=\"text-editor.default\">\n\t\t\t\t<div class=\"elementor-widget-container\">\n\t\t\t\t\t\t\t\t\t<p>Orthop\u00e4dietechnikmechaniker<\/p>\t\t\t\t\t\t\t\t<\/div>\n\t\t\t\t<\/div>\n\t\t\t\t<div class=\"elementor-element elementor-element-8c1fe57 elementor-widget elementor-widget-image\" data-id=\"8c1fe57\" data-element_type=\"widget\" data-e-type=\"widget\" data-widget_type=\"image.default\">\n\t\t\t\t<div class=\"elementor-widget-container\">\n\t\t\t\t\t\t\t\t\t\t\t\t\t\t\t<img loading=\"lazy\" decoding=\"async\" width=\"2560\" height=\"1707\" src=\"https:\/\/lentes-prothesenwerkstatt.de\/wp-content\/uploads\/2021\/06\/Stefan_Schu-scaled.jpg\" class=\"attachment-full size-full wp-image-3699\" alt=\"Stefan Schuh - Lentes Prothesenwerkstatt K\u00f6ln\" srcset=\"https:\/\/lentes-prothesenwerkstatt.de\/wp-content\/uploads\/2021\/06\/Stefan_Schu-scaled.jpg 2560w, https:\/\/lentes-prothesenwerkstatt.de\/wp-content\/uploads\/2021\/06\/Stefan_Schu-300x200.jpg 300w, https:\/\/lentes-prothesenwerkstatt.de\/wp-content\/uploads\/2021\/06\/Stefan_Schu-1024x683.jpg 1024w, https:\/\/lentes-prothesenwerkstatt.de\/wp-content\/uploads\/2021\/06\/Stefan_Schu-768x512.jpg 768w, https:\/\/lentes-prothesenwerkstatt.de\/wp-content\/uploads\/2021\/06\/Stefan_Schu-1536x1024.jpg 1536w, https:\/\/lentes-prothesenwerkstatt.de\/wp-content\/uploads\/2021\/06\/Stefan_Schu-2048x1365.jpg 2048w\" sizes=\"(max-width: 2560px) 100vw, 2560px\" \/>\t\t\t\t\t\t\t\t\t\t\t\t\t\t\t<\/div>\n\t\t\t\t<\/div>\n\t\t\t\t<div class=\"elementor-element elementor-element-a8ee313 elementor-widget elementor-widget-heading\" data-id=\"a8ee313\" data-element_type=\"widget\" data-e-type=\"widget\" data-widget_type=\"heading.default\">\n\t\t\t\t<div class=\"elementor-widget-container\">\n\t\t\t\t\t<p class=\"elementor-heading-title elementor-size-default\">stefan schu<\/p>\t\t\t\t<\/div>\n\t\t\t\t<\/div>\n\t\t\t\t<div class=\"elementor-element elementor-element-3c62fc7 elementor-widget elementor-widget-text-editor\" data-id=\"3c62fc7\" data-element_type=\"widget\" data-e-type=\"widget\" data-widget_type=\"text-editor.default\">\n\t\t\t\t<div class=\"elementor-widget-container\">\n\t\t\t\t\t\t\t\t\t<p>Orthop\u00e4dietechnikmechaniker<\/p>\t\t\t\t\t\t\t\t<\/div>\n\t\t\t\t<\/div>\n\t\t\t\t<div class=\"elementor-element elementor-element-8aea271 elementor-widget elementor-widget-image\" data-id=\"8aea271\" data-element_type=\"widget\" data-e-type=\"widget\" data-widget_type=\"image.default\">\n\t\t\t\t<div class=\"elementor-widget-container\">\n\t\t\t\t\t\t\t\t\t\t\t\t\t\t\t<img loading=\"lazy\" decoding=\"async\" width=\"8268\" height=\"5512\" src=\"https:\/\/lentes-prothesenwerkstatt.de\/wp-content\/uploads\/2025\/09\/Jim_Lentes.jpg\" class=\"attachment-full size-full wp-image-14984\" alt=\"\" srcset=\"https:\/\/lentes-prothesenwerkstatt.de\/wp-content\/uploads\/2025\/09\/Jim_Lentes.jpg 8268w, https:\/\/lentes-prothesenwerkstatt.de\/wp-content\/uploads\/2025\/09\/Jim_Lentes-300x200.jpg 300w, https:\/\/lentes-prothesenwerkstatt.de\/wp-content\/uploads\/2025\/09\/Jim_Lentes-1024x683.jpg 1024w, https:\/\/lentes-prothesenwerkstatt.de\/wp-content\/uploads\/2025\/09\/Jim_Lentes-768x512.jpg 768w, https:\/\/lentes-prothesenwerkstatt.de\/wp-content\/uploads\/2025\/09\/Jim_Lentes-1536x1024.jpg 1536w\" sizes=\"(max-width: 8268px) 100vw, 8268px\" \/>\t\t\t\t\t\t\t\t\t\t\t\t\t\t\t<\/div>\n\t\t\t\t<\/div>\n\t\t\t\t<div class=\"elementor-element elementor-element-31af2ca elementor-widget elementor-widget-heading\" data-id=\"31af2ca\" data-element_type=\"widget\" data-e-type=\"widget\" data-widget_type=\"heading.default\">\n\t\t\t\t<div class=\"elementor-widget-container\">\n\t\t\t\t\t<p class=\"elementor-heading-title elementor-size-default\">Jim Lentes<\/p>\t\t\t\t<\/div>\n\t\t\t\t<\/div>\n\t\t\t\t<div class=\"elementor-element elementor-element-fcf974b elementor-widget elementor-widget-text-editor\" data-id=\"fcf974b\" data-element_type=\"widget\" data-e-type=\"widget\" data-widget_type=\"text-editor.default\">\n\t\t\t\t<div class=\"elementor-widget-container\">\n\t\t\t\t\t\t\t\t\t<p>Auszubildender zum Orthop\u00e4dietechnikmechaniker<\/p>\t\t\t\t\t\t\t\t<\/div>\n\t\t\t\t<\/div>\n\t\t\t\t\t<\/div>\n\t\t<\/div>\n\t\t\t\t\t<\/div>\n\t\t<\/section>\n\t\t\t\t<section class=\"elementor-section elementor-top-section elementor-element elementor-element-4dfad4c elementor-hidden-desktop elementor-hidden-mobile elementor-section-boxed elementor-section-height-default elementor-section-height-default wpr-particle-no wpr-jarallax-no wpr-parallax-no wpr-sticky-section-no wpr-equal-height-no\" data-id=\"4dfad4c\" data-element_type=\"section\" data-e-type=\"section\" data-settings=\"{&quot;background_background&quot;:&quot;classic&quot;}\">\n\t\t\t\t\t\t<div class=\"elementor-container elementor-column-gap-default\">\n\t\t\t\t\t<div class=\"elementor-column elementor-col-50 elementor-top-column elementor-element elementor-element-24c7b05\" data-id=\"24c7b05\" data-element_type=\"column\" data-e-type=\"column\">\n\t\t\t<div class=\"elementor-widget-wrap elementor-element-populated\">\n\t\t\t\t\t\t<div class=\"elementor-element elementor-element-45bf23a elementor-widget elementor-widget-image\" data-id=\"45bf23a\" data-element_type=\"widget\" data-e-type=\"widget\" data-widget_type=\"image.default\">\n\t\t\t\t<div class=\"elementor-widget-container\">\n\t\t\t\t\t\t\t\t\t\t\t\t\t\t\t<img decoding=\"async\" width=\"1536\" height=\"1024\" src=\"https:\/\/lentes-prothesenwerkstatt.de\/wp-content\/uploads\/2024\/12\/Nicole_Lentes_1536x1024_px.jpg\" class=\"attachment-full size-full wp-image-11833\" alt=\"\" srcset=\"https:\/\/lentes-prothesenwerkstatt.de\/wp-content\/uploads\/2024\/12\/Nicole_Lentes_1536x1024_px.jpg 1536w, https:\/\/lentes-prothesenwerkstatt.de\/wp-content\/uploads\/2024\/12\/Nicole_Lentes_1536x1024_px-300x200.jpg 300w, https:\/\/lentes-prothesenwerkstatt.de\/wp-content\/uploads\/2024\/12\/Nicole_Lentes_1536x1024_px-1024x683.jpg 1024w, https:\/\/lentes-prothesenwerkstatt.de\/wp-content\/uploads\/2024\/12\/Nicole_Lentes_1536x1024_px-768x512.jpg 768w\" sizes=\"(max-width: 1536px) 100vw, 1536px\" \/>\t\t\t\t\t\t\t\t\t\t\t\t\t\t\t<\/div>\n\t\t\t\t<\/div>\n\t\t\t\t<div class=\"elementor-element elementor-element-8433f1b elementor-widget elementor-widget-heading\" data-id=\"8433f1b\" data-element_type=\"widget\" data-e-type=\"widget\" data-widget_type=\"heading.default\">\n\t\t\t\t<div class=\"elementor-widget-container\">\n\t\t\t\t\t<p class=\"elementor-heading-title elementor-size-default\">nicole lentes<\/p>\t\t\t\t<\/div>\n\t\t\t\t<\/div>\n\t\t\t\t<div class=\"elementor-element elementor-element-6b2f966 elementor-widget elementor-widget-text-editor\" data-id=\"6b2f966\" data-element_type=\"widget\" data-e-type=\"widget\" data-widget_type=\"text-editor.default\">\n\t\t\t\t<div class=\"elementor-widget-container\">\n\t\t\t\t\t\t\t\t\t<p>B\u00fcro und Administration<\/p>\t\t\t\t\t\t\t\t<\/div>\n\t\t\t\t<\/div>\n\t\t\t\t\t<\/div>\n\t\t<\/div>\n\t\t\t\t<div class=\"elementor-column elementor-col-50 elementor-top-column elementor-element elementor-element-6cfccad\" data-id=\"6cfccad\" data-element_type=\"column\" data-e-type=\"column\">\n\t\t\t<div class=\"elementor-widget-wrap elementor-element-populated\">\n\t\t\t\t\t\t<div class=\"elementor-element elementor-element-8a39e6c elementor-widget elementor-widget-image\" data-id=\"8a39e6c\" data-element_type=\"widget\" data-e-type=\"widget\" data-widget_type=\"image.default\">\n\t\t\t\t<div class=\"elementor-widget-container\">\n\t\t\t\t\t\t\t\t\t\t\t\t\t\t\t<img loading=\"lazy\" decoding=\"async\" width=\"2560\" height=\"1707\" src=\"https:\/\/lentes-prothesenwerkstatt.de\/wp-content\/uploads\/2023\/10\/Lothar_Kunz-scaled.jpg\" class=\"attachment-full size-full wp-image-11185\" alt=\"\" srcset=\"https:\/\/lentes-prothesenwerkstatt.de\/wp-content\/uploads\/2023\/10\/Lothar_Kunz-scaled.jpg 2560w, https:\/\/lentes-prothesenwerkstatt.de\/wp-content\/uploads\/2023\/10\/Lothar_Kunz-300x200.jpg 300w, https:\/\/lentes-prothesenwerkstatt.de\/wp-content\/uploads\/2023\/10\/Lothar_Kunz-1024x683.jpg 1024w, https:\/\/lentes-prothesenwerkstatt.de\/wp-content\/uploads\/2023\/10\/Lothar_Kunz-768x512.jpg 768w, https:\/\/lentes-prothesenwerkstatt.de\/wp-content\/uploads\/2023\/10\/Lothar_Kunz-1536x1024.jpg 1536w, https:\/\/lentes-prothesenwerkstatt.de\/wp-content\/uploads\/2023\/10\/Lothar_Kunz-2048x1365.jpg 2048w\" sizes=\"(max-width: 2560px) 100vw, 2560px\" \/>\t\t\t\t\t\t\t\t\t\t\t\t\t\t\t<\/div>\n\t\t\t\t<\/div>\n\t\t\t\t<div class=\"elementor-element elementor-element-791d53c elementor-widget elementor-widget-heading\" data-id=\"791d53c\" data-element_type=\"widget\" data-e-type=\"widget\" data-widget_type=\"heading.default\">\n\t\t\t\t<div class=\"elementor-widget-container\">\n\t\t\t\t\t<p class=\"elementor-heading-title elementor-size-default\">lothar kunz<\/p>\t\t\t\t<\/div>\n\t\t\t\t<\/div>\n\t\t\t\t<div class=\"elementor-element elementor-element-8e1b37b elementor-widget elementor-widget-text-editor\" data-id=\"8e1b37b\" data-element_type=\"widget\" data-e-type=\"widget\" data-widget_type=\"text-editor.default\">\n\t\t\t\t<div class=\"elementor-widget-container\">\n\t\t\t\t\t\t\t\t\t<p>Orthop\u00e4dietechnikmeister<\/p>\t\t\t\t\t\t\t\t<\/div>\n\t\t\t\t<\/div>\n\t\t\t\t\t<\/div>\n\t\t<\/div>\n\t\t\t\t\t<\/div>\n\t\t<\/section>\n\t\t\t\t<section class=\"elementor-section elementor-top-section elementor-element elementor-element-17ab759 elementor-hidden-desktop elementor-hidden-mobile elementor-section-boxed elementor-section-height-default elementor-section-height-default wpr-particle-no wpr-jarallax-no wpr-parallax-no wpr-sticky-section-no wpr-equal-height-no\" data-id=\"17ab759\" data-element_type=\"section\" data-e-type=\"section\" data-settings=\"{&quot;background_background&quot;:&quot;classic&quot;}\">\n\t\t\t\t\t\t<div class=\"elementor-container elementor-column-gap-default\">\n\t\t\t\t\t<div class=\"elementor-column elementor-col-50 elementor-top-column elementor-element elementor-element-c8827b8\" data-id=\"c8827b8\" data-element_type=\"column\" data-e-type=\"column\">\n\t\t\t<div class=\"elementor-widget-wrap elementor-element-populated\">\n\t\t\t\t\t\t<div class=\"elementor-element elementor-element-795d9e7 elementor-widget elementor-widget-image\" data-id=\"795d9e7\" data-element_type=\"widget\" data-e-type=\"widget\" data-widget_type=\"image.default\">\n\t\t\t\t<div class=\"elementor-widget-container\">\n\t\t\t\t\t\t\t\t\t\t\t\t\t\t\t<img loading=\"lazy\" decoding=\"async\" width=\"1536\" height=\"1024\" src=\"https:\/\/lentes-prothesenwerkstatt.de\/wp-content\/uploads\/2024\/12\/Eva_Hartmann_1536x1024_px.jpg\" class=\"attachment-full size-full wp-image-11834\" alt=\"\" srcset=\"https:\/\/lentes-prothesenwerkstatt.de\/wp-content\/uploads\/2024\/12\/Eva_Hartmann_1536x1024_px.jpg 1536w, https:\/\/lentes-prothesenwerkstatt.de\/wp-content\/uploads\/2024\/12\/Eva_Hartmann_1536x1024_px-300x200.jpg 300w, https:\/\/lentes-prothesenwerkstatt.de\/wp-content\/uploads\/2024\/12\/Eva_Hartmann_1536x1024_px-1024x683.jpg 1024w, https:\/\/lentes-prothesenwerkstatt.de\/wp-content\/uploads\/2024\/12\/Eva_Hartmann_1536x1024_px-768x512.jpg 768w\" sizes=\"(max-width: 1536px) 100vw, 1536px\" \/>\t\t\t\t\t\t\t\t\t\t\t\t\t\t\t<\/div>\n\t\t\t\t<\/div>\n\t\t\t\t<div class=\"elementor-element elementor-element-f71b577 elementor-widget elementor-widget-heading\" data-id=\"f71b577\" data-element_type=\"widget\" data-e-type=\"widget\" data-widget_type=\"heading.default\">\n\t\t\t\t<div class=\"elementor-widget-container\">\n\t\t\t\t\t<p class=\"elementor-heading-title elementor-size-default\">EVA HARTMANN<\/p>\t\t\t\t<\/div>\n\t\t\t\t<\/div>\n\t\t\t\t<div class=\"elementor-element elementor-element-4474747 elementor-widget elementor-widget-text-editor\" data-id=\"4474747\" data-element_type=\"widget\" data-e-type=\"widget\" data-widget_type=\"text-editor.default\">\n\t\t\t\t<div class=\"elementor-widget-container\">\n\t\t\t\t\t\t\t\t\t<p>Kauffrau im Gesundheitswesen<\/p>\t\t\t\t\t\t\t\t<\/div>\n\t\t\t\t<\/div>\n\t\t\t\t\t<\/div>\n\t\t<\/div>\n\t\t\t\t<div class=\"elementor-column elementor-col-50 elementor-top-column elementor-element elementor-element-09ae0ff\" data-id=\"09ae0ff\" data-element_type=\"column\" data-e-type=\"column\">\n\t\t\t<div class=\"elementor-widget-wrap elementor-element-populated\">\n\t\t\t\t\t\t<div class=\"elementor-element elementor-element-548308d elementor-widget elementor-widget-image\" data-id=\"548308d\" data-element_type=\"widget\" data-e-type=\"widget\" data-widget_type=\"image.default\">\n\t\t\t\t<div class=\"elementor-widget-container\">\n\t\t\t\t\t\t\t\t\t\t\t\t\t\t\t<img loading=\"lazy\" decoding=\"async\" width=\"1536\" height=\"1024\" src=\"https:\/\/lentes-prothesenwerkstatt.de\/wp-content\/uploads\/2024\/12\/Emilio_Evangelista_1536x1024_px.jpg\" class=\"attachment-full size-full wp-image-11835\" alt=\"\" srcset=\"https:\/\/lentes-prothesenwerkstatt.de\/wp-content\/uploads\/2024\/12\/Emilio_Evangelista_1536x1024_px.jpg 1536w, https:\/\/lentes-prothesenwerkstatt.de\/wp-content\/uploads\/2024\/12\/Emilio_Evangelista_1536x1024_px-300x200.jpg 300w, https:\/\/lentes-prothesenwerkstatt.de\/wp-content\/uploads\/2024\/12\/Emilio_Evangelista_1536x1024_px-1024x683.jpg 1024w, https:\/\/lentes-prothesenwerkstatt.de\/wp-content\/uploads\/2024\/12\/Emilio_Evangelista_1536x1024_px-768x512.jpg 768w\" sizes=\"(max-width: 1536px) 100vw, 1536px\" \/>\t\t\t\t\t\t\t\t\t\t\t\t\t\t\t<\/div>\n\t\t\t\t<\/div>\n\t\t\t\t<div class=\"elementor-element elementor-element-b84b921 elementor-widget elementor-widget-heading\" data-id=\"b84b921\" data-element_type=\"widget\" data-e-type=\"widget\" data-widget_type=\"heading.default\">\n\t\t\t\t<div class=\"elementor-widget-container\">\n\t\t\t\t\t<p class=\"elementor-heading-title elementor-size-default\">Emilio evangelista<\/p>\t\t\t\t<\/div>\n\t\t\t\t<\/div>\n\t\t\t\t<div class=\"elementor-element elementor-element-248a2ce elementor-widget elementor-widget-text-editor\" data-id=\"248a2ce\" data-element_type=\"widget\" data-e-type=\"widget\" data-widget_type=\"text-editor.default\">\n\t\t\t\t<div class=\"elementor-widget-container\">\n\t\t\t\t\t\t\t\t\t<p>Orthop\u00e4dietechnikmechaniker<\/p>\t\t\t\t\t\t\t\t<\/div>\n\t\t\t\t<\/div>\n\t\t\t\t\t<\/div>\n\t\t<\/div>\n\t\t\t\t\t<\/div>\n\t\t<\/section>\n\t\t\t\t<section class=\"elementor-section elementor-top-section elementor-element elementor-element-b26002a elementor-hidden-desktop elementor-hidden-mobile elementor-section-boxed elementor-section-height-default elementor-section-height-default wpr-particle-no wpr-jarallax-no wpr-parallax-no wpr-sticky-section-no wpr-equal-height-no\" data-id=\"b26002a\" data-element_type=\"section\" data-e-type=\"section\" data-settings=\"{&quot;background_background&quot;:&quot;classic&quot;}\">\n\t\t\t\t\t\t<div class=\"elementor-container elementor-column-gap-default\">\n\t\t\t\t\t<div class=\"elementor-column elementor-col-50 elementor-top-column elementor-element elementor-element-ec5f3db\" data-id=\"ec5f3db\" data-element_type=\"column\" data-e-type=\"column\">\n\t\t\t<div class=\"elementor-widget-wrap elementor-element-populated\">\n\t\t\t\t\t\t<div class=\"elementor-element elementor-element-0859735 elementor-widget elementor-widget-image\" data-id=\"0859735\" data-element_type=\"widget\" data-e-type=\"widget\" data-widget_type=\"image.default\">\n\t\t\t\t<div class=\"elementor-widget-container\">\n\t\t\t\t\t\t\t\t\t\t\t\t\t\t\t<img loading=\"lazy\" decoding=\"async\" width=\"2560\" height=\"1707\" src=\"https:\/\/lentes-prothesenwerkstatt.de\/wp-content\/uploads\/2021\/06\/Stefan_Schu-scaled.jpg\" class=\"attachment-full size-full wp-image-3699\" alt=\"Stefan Schuh - Lentes Prothesenwerkstatt K\u00f6ln\" srcset=\"https:\/\/lentes-prothesenwerkstatt.de\/wp-content\/uploads\/2021\/06\/Stefan_Schu-scaled.jpg 2560w, https:\/\/lentes-prothesenwerkstatt.de\/wp-content\/uploads\/2021\/06\/Stefan_Schu-300x200.jpg 300w, https:\/\/lentes-prothesenwerkstatt.de\/wp-content\/uploads\/2021\/06\/Stefan_Schu-1024x683.jpg 1024w, https:\/\/lentes-prothesenwerkstatt.de\/wp-content\/uploads\/2021\/06\/Stefan_Schu-768x512.jpg 768w, https:\/\/lentes-prothesenwerkstatt.de\/wp-content\/uploads\/2021\/06\/Stefan_Schu-1536x1024.jpg 1536w, https:\/\/lentes-prothesenwerkstatt.de\/wp-content\/uploads\/2021\/06\/Stefan_Schu-2048x1365.jpg 2048w\" sizes=\"(max-width: 2560px) 100vw, 2560px\" \/>\t\t\t\t\t\t\t\t\t\t\t\t\t\t\t<\/div>\n\t\t\t\t<\/div>\n\t\t\t\t<div class=\"elementor-element elementor-element-6e56772 elementor-widget elementor-widget-heading\" data-id=\"6e56772\" data-element_type=\"widget\" data-e-type=\"widget\" data-widget_type=\"heading.default\">\n\t\t\t\t<div class=\"elementor-widget-container\">\n\t\t\t\t\t<p class=\"elementor-heading-title elementor-size-default\">stefan schu<\/p>\t\t\t\t<\/div>\n\t\t\t\t<\/div>\n\t\t\t\t<div class=\"elementor-element elementor-element-1cec9f4 elementor-widget elementor-widget-text-editor\" data-id=\"1cec9f4\" data-element_type=\"widget\" data-e-type=\"widget\" data-widget_type=\"text-editor.default\">\n\t\t\t\t<div class=\"elementor-widget-container\">\n\t\t\t\t\t\t\t\t\t<p>Orthop\u00e4dietechnikmechaniker<\/p>\t\t\t\t\t\t\t\t<\/div>\n\t\t\t\t<\/div>\n\t\t\t\t\t<\/div>\n\t\t<\/div>\n\t\t\t\t<div class=\"elementor-column elementor-col-50 elementor-top-column elementor-element elementor-element-ff4c482\" data-id=\"ff4c482\" data-element_type=\"column\" data-e-type=\"column\">\n\t\t\t<div class=\"elementor-widget-wrap elementor-element-populated\">\n\t\t\t\t\t\t<div class=\"elementor-element elementor-element-069c66a elementor-widget elementor-widget-image\" data-id=\"069c66a\" data-element_type=\"widget\" data-e-type=\"widget\" data-widget_type=\"image.default\">\n\t\t\t\t<div class=\"elementor-widget-container\">\n\t\t\t\t\t\t\t\t\t\t\t\t\t\t\t<img loading=\"lazy\" decoding=\"async\" width=\"8268\" height=\"5512\" src=\"https:\/\/lentes-prothesenwerkstatt.de\/wp-content\/uploads\/2025\/09\/Jim_Lentes.jpg\" class=\"attachment-full size-full wp-image-14984\" alt=\"\" srcset=\"https:\/\/lentes-prothesenwerkstatt.de\/wp-content\/uploads\/2025\/09\/Jim_Lentes.jpg 8268w, https:\/\/lentes-prothesenwerkstatt.de\/wp-content\/uploads\/2025\/09\/Jim_Lentes-300x200.jpg 300w, https:\/\/lentes-prothesenwerkstatt.de\/wp-content\/uploads\/2025\/09\/Jim_Lentes-1024x683.jpg 1024w, https:\/\/lentes-prothesenwerkstatt.de\/wp-content\/uploads\/2025\/09\/Jim_Lentes-768x512.jpg 768w, https:\/\/lentes-prothesenwerkstatt.de\/wp-content\/uploads\/2025\/09\/Jim_Lentes-1536x1024.jpg 1536w\" sizes=\"(max-width: 8268px) 100vw, 8268px\" \/>\t\t\t\t\t\t\t\t\t\t\t\t\t\t\t<\/div>\n\t\t\t\t<\/div>\n\t\t\t\t<div class=\"elementor-element elementor-element-f620912 elementor-widget elementor-widget-heading\" data-id=\"f620912\" data-element_type=\"widget\" data-e-type=\"widget\" data-widget_type=\"heading.default\">\n\t\t\t\t<div class=\"elementor-widget-container\">\n\t\t\t\t\t<p class=\"elementor-heading-title elementor-size-default\">jim lentes<\/p>\t\t\t\t<\/div>\n\t\t\t\t<\/div>\n\t\t\t\t<div class=\"elementor-element elementor-element-bb3e419 elementor-widget elementor-widget-text-editor\" data-id=\"bb3e419\" data-element_type=\"widget\" data-e-type=\"widget\" data-widget_type=\"text-editor.default\">\n\t\t\t\t<div class=\"elementor-widget-container\">\n\t\t\t\t\t\t\t\t\t<p>Auszubildender zum Orthop\u00e4dietechnikmechaniker<\/p>\t\t\t\t\t\t\t\t<\/div>\n\t\t\t\t<\/div>\n\t\t\t\t\t<\/div>\n\t\t<\/div>\n\t\t\t\t\t<\/div>\n\t\t<\/section>\n\t\t\t\t<section class=\"elementor-section elementor-top-section elementor-element elementor-element-af416b1 elementor-section-height-min-height elementor-hidden-tablet elementor-hidden-mobile elementor-section-boxed elementor-section-height-default elementor-section-items-middle wpr-particle-no wpr-jarallax-no wpr-parallax-no wpr-sticky-section-no wpr-equal-height-no\" data-id=\"af416b1\" data-element_type=\"section\" data-e-type=\"section\" data-settings=\"{&quot;background_background&quot;:&quot;classic&quot;}\">\n\t\t\t\t\t\t<div class=\"elementor-container elementor-column-gap-default\">\n\t\t\t\t\t<div class=\"elementor-column elementor-col-33 elementor-top-column elementor-element elementor-element-a655960\" data-id=\"a655960\" data-element_type=\"column\" data-e-type=\"column\">\n\t\t\t<div class=\"elementor-widget-wrap elementor-element-populated\">\n\t\t\t\t\t\t<div class=\"elementor-element elementor-element-b5d3ec7 elementor-widget elementor-widget-spacer\" data-id=\"b5d3ec7\" data-element_type=\"widget\" data-e-type=\"widget\" data-widget_type=\"spacer.default\">\n\t\t\t\t<div class=\"elementor-widget-container\">\n\t\t\t\t\t\t\t<div class=\"elementor-spacer\">\n\t\t\t<div class=\"elementor-spacer-inner\"><\/div>\n\t\t<\/div>\n\t\t\t\t\t\t<\/div>\n\t\t\t\t<\/div>\n\t\t\t\t<div class=\"elementor-element elementor-element-65f2b07 elementor-widget elementor-widget-image\" data-id=\"65f2b07\" data-element_type=\"widget\" data-e-type=\"widget\" data-widget_type=\"image.default\">\n\t\t\t\t<div class=\"elementor-widget-container\">\n\t\t\t\t\t\t\t\t\t\t\t\t\t\t\t<img loading=\"lazy\" decoding=\"async\" width=\"768\" height=\"512\" src=\"https:\/\/lentes-prothesenwerkstatt.de\/wp-content\/uploads\/2021\/06\/jan_lentes_03-768x512.jpg\" class=\"attachment-medium_large size-medium_large wp-image-4312\" alt=\"Jan Lentes - Lentes Prothesenwerkstatt K\u00f6ln\" srcset=\"https:\/\/lentes-prothesenwerkstatt.de\/wp-content\/uploads\/2021\/06\/jan_lentes_03-768x512.jpg 768w, https:\/\/lentes-prothesenwerkstatt.de\/wp-content\/uploads\/2021\/06\/jan_lentes_03-300x200.jpg 300w, https:\/\/lentes-prothesenwerkstatt.de\/wp-content\/uploads\/2021\/06\/jan_lentes_03-1024x683.jpg 1024w, https:\/\/lentes-prothesenwerkstatt.de\/wp-content\/uploads\/2021\/06\/jan_lentes_03-1536x1024.jpg 1536w, https:\/\/lentes-prothesenwerkstatt.de\/wp-content\/uploads\/2021\/06\/jan_lentes_03-2048x1366.jpg 2048w\" sizes=\"(max-width: 768px) 100vw, 768px\" \/>\t\t\t\t\t\t\t\t\t\t\t\t\t\t\t<\/div>\n\t\t\t\t<\/div>\n\t\t\t\t<div class=\"elementor-element elementor-element-c6cc0a5 elementor-widget elementor-widget-heading\" data-id=\"c6cc0a5\" data-element_type=\"widget\" data-e-type=\"widget\" data-widget_type=\"heading.default\">\n\t\t\t\t<div class=\"elementor-widget-container\">\n\t\t\t\t\t<p class=\"elementor-heading-title elementor-size-default\">Jan Lentes<\/p>\t\t\t\t<\/div>\n\t\t\t\t<\/div>\n\t\t\t\t<div class=\"elementor-element elementor-element-9fe4fc3 elementor-widget elementor-widget-text-editor\" data-id=\"9fe4fc3\" data-element_type=\"widget\" data-e-type=\"widget\" data-widget_type=\"text-editor.default\">\n\t\t\t\t<div class=\"elementor-widget-container\">\n\t\t\t\t\t\t\t\t\t<p style=\"text-align: left;\">Orthop\u00e4dietechnikermeister <br \/>Inhaber <span style=\"color: #827d23;\">LENTES <span style=\"color: #808000;\">PROTHESENWERKSTATT<\/span><\/span> K\u00f6ln <br \/>Gesch\u00e4ftsfu\u0308hrer <span style=\"color: #808000;\">Leverkusen und<\/span> <span style=\"color: #808000;\">D\u00fcren\u00a0<\/span><\/p>\t\t\t\t\t\t\t\t<\/div>\n\t\t\t\t<\/div>\n\t\t\t\t<div class=\"elementor-element elementor-element-7199e1b elementor-widget elementor-widget-spacer\" data-id=\"7199e1b\" data-element_type=\"widget\" data-e-type=\"widget\" data-widget_type=\"spacer.default\">\n\t\t\t\t<div class=\"elementor-widget-container\">\n\t\t\t\t\t\t\t<div class=\"elementor-spacer\">\n\t\t\t<div class=\"elementor-spacer-inner\"><\/div>\n\t\t<\/div>\n\t\t\t\t\t\t<\/div>\n\t\t\t\t<\/div>\n\t\t\t\t<div class=\"elementor-element elementor-element-ee4c88c elementor-widget elementor-widget-image\" data-id=\"ee4c88c\" data-element_type=\"widget\" data-e-type=\"widget\" data-widget_type=\"image.default\">\n\t\t\t\t<div class=\"elementor-widget-container\">\n\t\t\t\t\t\t\t\t\t\t\t\t\t\t\t<img loading=\"lazy\" decoding=\"async\" width=\"768\" height=\"512\" src=\"https:\/\/lentes-prothesenwerkstatt.de\/wp-content\/uploads\/2024\/12\/Nicole_Lentes_1536x1024_px-768x512.jpg\" class=\"attachment-medium_large size-medium_large wp-image-11833\" alt=\"\" srcset=\"https:\/\/lentes-prothesenwerkstatt.de\/wp-content\/uploads\/2024\/12\/Nicole_Lentes_1536x1024_px-768x512.jpg 768w, https:\/\/lentes-prothesenwerkstatt.de\/wp-content\/uploads\/2024\/12\/Nicole_Lentes_1536x1024_px-300x200.jpg 300w, https:\/\/lentes-prothesenwerkstatt.de\/wp-content\/uploads\/2024\/12\/Nicole_Lentes_1536x1024_px-1024x683.jpg 1024w, https:\/\/lentes-prothesenwerkstatt.de\/wp-content\/uploads\/2024\/12\/Nicole_Lentes_1536x1024_px.jpg 1536w\" sizes=\"(max-width: 768px) 100vw, 768px\" \/>\t\t\t\t\t\t\t\t\t\t\t\t\t\t\t<\/div>\n\t\t\t\t<\/div>\n\t\t\t\t<div class=\"elementor-element elementor-element-285c94f elementor-widget elementor-widget-heading\" data-id=\"285c94f\" data-element_type=\"widget\" data-e-type=\"widget\" data-widget_type=\"heading.default\">\n\t\t\t\t<div class=\"elementor-widget-container\">\n\t\t\t\t\t<p class=\"elementor-heading-title elementor-size-default\">Nicole Lentes<\/p>\t\t\t\t<\/div>\n\t\t\t\t<\/div>\n\t\t\t\t<div class=\"elementor-element elementor-element-589256d elementor-widget elementor-widget-text-editor\" data-id=\"589256d\" data-element_type=\"widget\" data-e-type=\"widget\" data-widget_type=\"text-editor.default\">\n\t\t\t\t<div class=\"elementor-widget-container\">\n\t\t\t\t\t\t\t\t\t<p>B\u00fcro und Administration<\/p>\t\t\t\t\t\t\t\t<\/div>\n\t\t\t\t<\/div>\n\t\t\t\t<div class=\"elementor-element elementor-element-38d6b8b elementor-widget elementor-widget-spacer\" data-id=\"38d6b8b\" data-element_type=\"widget\" data-e-type=\"widget\" data-widget_type=\"spacer.default\">\n\t\t\t\t<div class=\"elementor-widget-container\">\n\t\t\t\t\t\t\t<div class=\"elementor-spacer\">\n\t\t\t<div class=\"elementor-spacer-inner\"><\/div>\n\t\t<\/div>\n\t\t\t\t\t\t<\/div>\n\t\t\t\t<\/div>\n\t\t\t\t<div class=\"elementor-element elementor-element-feba74e elementor-widget elementor-widget-image\" data-id=\"feba74e\" data-element_type=\"widget\" data-e-type=\"widget\" data-widget_type=\"image.default\">\n\t\t\t\t<div class=\"elementor-widget-container\">\n\t\t\t\t\t\t\t\t\t\t\t\t\t\t\t<img loading=\"lazy\" decoding=\"async\" width=\"768\" height=\"512\" src=\"https:\/\/lentes-prothesenwerkstatt.de\/wp-content\/uploads\/2024\/12\/Eva_Hartmann_1536x1024_px-768x512.jpg\" class=\"attachment-medium_large size-medium_large wp-image-11834\" alt=\"\" srcset=\"https:\/\/lentes-prothesenwerkstatt.de\/wp-content\/uploads\/2024\/12\/Eva_Hartmann_1536x1024_px-768x512.jpg 768w, https:\/\/lentes-prothesenwerkstatt.de\/wp-content\/uploads\/2024\/12\/Eva_Hartmann_1536x1024_px-300x200.jpg 300w, https:\/\/lentes-prothesenwerkstatt.de\/wp-content\/uploads\/2024\/12\/Eva_Hartmann_1536x1024_px-1024x683.jpg 1024w, https:\/\/lentes-prothesenwerkstatt.de\/wp-content\/uploads\/2024\/12\/Eva_Hartmann_1536x1024_px.jpg 1536w\" sizes=\"(max-width: 768px) 100vw, 768px\" \/>\t\t\t\t\t\t\t\t\t\t\t\t\t\t\t<\/div>\n\t\t\t\t<\/div>\n\t\t\t\t<div class=\"elementor-element elementor-element-38d8391 elementor-widget elementor-widget-heading\" data-id=\"38d8391\" data-element_type=\"widget\" data-e-type=\"widget\" data-widget_type=\"heading.default\">\n\t\t\t\t<div class=\"elementor-widget-container\">\n\t\t\t\t\t<p class=\"elementor-heading-title elementor-size-default\">Eva Hartmann<\/p>\t\t\t\t<\/div>\n\t\t\t\t<\/div>\n\t\t\t\t<div class=\"elementor-element elementor-element-c47e510 elementor-widget elementor-widget-text-editor\" data-id=\"c47e510\" data-element_type=\"widget\" data-e-type=\"widget\" data-widget_type=\"text-editor.default\">\n\t\t\t\t<div class=\"elementor-widget-container\">\n\t\t\t\t\t\t\t\t\t<p>Kauffrau im Gesundheitswesen<\/p>\t\t\t\t\t\t\t\t<\/div>\n\t\t\t\t<\/div>\n\t\t\t\t<div class=\"elementor-element elementor-element-58d8129 elementor-widget elementor-widget-spacer\" data-id=\"58d8129\" data-element_type=\"widget\" data-e-type=\"widget\" data-widget_type=\"spacer.default\">\n\t\t\t\t<div class=\"elementor-widget-container\">\n\t\t\t\t\t\t\t<div class=\"elementor-spacer\">\n\t\t\t<div class=\"elementor-spacer-inner\"><\/div>\n\t\t<\/div>\n\t\t\t\t\t\t<\/div>\n\t\t\t\t<\/div>\n\t\t\t\t<div class=\"elementor-element elementor-element-e6fbdfd elementor-widget elementor-widget-image\" data-id=\"e6fbdfd\" data-element_type=\"widget\" data-e-type=\"widget\" data-widget_type=\"image.default\">\n\t\t\t\t<div class=\"elementor-widget-container\">\n\t\t\t\t\t\t\t\t\t\t\t\t\t\t\t<img loading=\"lazy\" decoding=\"async\" width=\"768\" height=\"512\" src=\"https:\/\/lentes-prothesenwerkstatt.de\/wp-content\/uploads\/2024\/12\/Emilio_Evangelista_1536x1024_px-768x512.jpg\" class=\"attachment-medium_large size-medium_large wp-image-11835\" alt=\"\" srcset=\"https:\/\/lentes-prothesenwerkstatt.de\/wp-content\/uploads\/2024\/12\/Emilio_Evangelista_1536x1024_px-768x512.jpg 768w, https:\/\/lentes-prothesenwerkstatt.de\/wp-content\/uploads\/2024\/12\/Emilio_Evangelista_1536x1024_px-300x200.jpg 300w, https:\/\/lentes-prothesenwerkstatt.de\/wp-content\/uploads\/2024\/12\/Emilio_Evangelista_1536x1024_px-1024x683.jpg 1024w, https:\/\/lentes-prothesenwerkstatt.de\/wp-content\/uploads\/2024\/12\/Emilio_Evangelista_1536x1024_px.jpg 1536w\" sizes=\"(max-width: 768px) 100vw, 768px\" \/>\t\t\t\t\t\t\t\t\t\t\t\t\t\t\t<\/div>\n\t\t\t\t<\/div>\n\t\t\t\t<div class=\"elementor-element elementor-element-f58b9bd elementor-widget elementor-widget-heading\" data-id=\"f58b9bd\" data-element_type=\"widget\" data-e-type=\"widget\" data-widget_type=\"heading.default\">\n\t\t\t\t<div class=\"elementor-widget-container\">\n\t\t\t\t\t<p class=\"elementor-heading-title elementor-size-default\">Emilio Evangelista<\/p>\t\t\t\t<\/div>\n\t\t\t\t<\/div>\n\t\t\t\t<div class=\"elementor-element elementor-element-de206a7 elementor-widget elementor-widget-text-editor\" data-id=\"de206a7\" data-element_type=\"widget\" data-e-type=\"widget\" data-widget_type=\"text-editor.default\">\n\t\t\t\t<div class=\"elementor-widget-container\">\n\t\t\t\t\t\t\t\t\t<p>Orthop\u00e4dietechnikmechaniker<\/p>\t\t\t\t\t\t\t\t<\/div>\n\t\t\t\t<\/div>\n\t\t\t\t<div class=\"elementor-element elementor-element-9befd9d elementor-widget elementor-widget-spacer\" data-id=\"9befd9d\" data-element_type=\"widget\" data-e-type=\"widget\" data-widget_type=\"spacer.default\">\n\t\t\t\t<div class=\"elementor-widget-container\">\n\t\t\t\t\t\t\t<div class=\"elementor-spacer\">\n\t\t\t<div class=\"elementor-spacer-inner\"><\/div>\n\t\t<\/div>\n\t\t\t\t\t\t<\/div>\n\t\t\t\t<\/div>\n\t\t\t\t\t<\/div>\n\t\t<\/div>\n\t\t\t\t<div class=\"elementor-column elementor-col-33 elementor-top-column elementor-element elementor-element-736cbc3\" data-id=\"736cbc3\" data-element_type=\"column\" data-e-type=\"column\">\n\t\t\t<div class=\"elementor-widget-wrap elementor-element-populated\">\n\t\t\t\t\t\t<div class=\"elementor-element elementor-element-5573b10 elementor-widget elementor-widget-image\" data-id=\"5573b10\" data-element_type=\"widget\" data-e-type=\"widget\" data-widget_type=\"image.default\">\n\t\t\t\t<div class=\"elementor-widget-container\">\n\t\t\t\t\t\t\t\t\t\t\t\t\t\t\t<img loading=\"lazy\" decoding=\"async\" width=\"689\" height=\"2560\" src=\"https:\/\/lentes-prothesenwerkstatt.de\/wp-content\/uploads\/2025\/09\/koeln_Mitarbeiter-scaled.png\" class=\"attachment-full size-full wp-image-14998\" alt=\"\" srcset=\"https:\/\/lentes-prothesenwerkstatt.de\/wp-content\/uploads\/2025\/09\/koeln_Mitarbeiter-scaled.png 689w, https:\/\/lentes-prothesenwerkstatt.de\/wp-content\/uploads\/2025\/09\/koeln_Mitarbeiter-81x300.png 81w, https:\/\/lentes-prothesenwerkstatt.de\/wp-content\/uploads\/2025\/09\/koeln_Mitarbeiter-276x1024.png 276w, https:\/\/lentes-prothesenwerkstatt.de\/wp-content\/uploads\/2025\/09\/koeln_Mitarbeiter-768x2854.png 768w, https:\/\/lentes-prothesenwerkstatt.de\/wp-content\/uploads\/2025\/09\/koeln_Mitarbeiter-413x1536.png 413w, https:\/\/lentes-prothesenwerkstatt.de\/wp-content\/uploads\/2025\/09\/koeln_Mitarbeiter-551x2048.png 551w\" sizes=\"(max-width: 689px) 100vw, 689px\" \/>\t\t\t\t\t\t\t\t\t\t\t\t\t\t\t<\/div>\n\t\t\t\t<\/div>\n\t\t\t\t\t<\/div>\n\t\t<\/div>\n\t\t\t\t<div class=\"elementor-column elementor-col-33 elementor-top-column elementor-element elementor-element-019f9f0\" data-id=\"019f9f0\" data-element_type=\"column\" data-e-type=\"column\">\n\t\t\t<div class=\"elementor-widget-wrap elementor-element-populated\">\n\t\t\t\t\t\t<div class=\"elementor-element elementor-element-af108a3 elementor-widget elementor-widget-image\" data-id=\"af108a3\" data-element_type=\"widget\" data-e-type=\"widget\" data-widget_type=\"image.default\">\n\t\t\t\t<div class=\"elementor-widget-container\">\n\t\t\t\t\t\t\t\t\t\t\t\t\t\t\t<img loading=\"lazy\" decoding=\"async\" width=\"768\" height=\"512\" src=\"https:\/\/lentes-prothesenwerkstatt.de\/wp-content\/uploads\/2021\/06\/Yannik_Sondermeier_02-768x512.jpg\" class=\"attachment-medium_large size-medium_large wp-image-4310\" alt=\"Yannick Sondermeier - Lentes Prothesenwerkstatt K\u00f6ln\" srcset=\"https:\/\/lentes-prothesenwerkstatt.de\/wp-content\/uploads\/2021\/06\/Yannik_Sondermeier_02-768x512.jpg 768w, https:\/\/lentes-prothesenwerkstatt.de\/wp-content\/uploads\/2021\/06\/Yannik_Sondermeier_02-300x200.jpg 300w, https:\/\/lentes-prothesenwerkstatt.de\/wp-content\/uploads\/2021\/06\/Yannik_Sondermeier_02-1024x683.jpg 1024w, https:\/\/lentes-prothesenwerkstatt.de\/wp-content\/uploads\/2021\/06\/Yannik_Sondermeier_02-1536x1024.jpg 1536w, https:\/\/lentes-prothesenwerkstatt.de\/wp-content\/uploads\/2021\/06\/Yannik_Sondermeier_02-2048x1366.jpg 2048w\" sizes=\"(max-width: 768px) 100vw, 768px\" \/>\t\t\t\t\t\t\t\t\t\t\t\t\t\t\t<\/div>\n\t\t\t\t<\/div>\n\t\t\t\t<div class=\"elementor-element elementor-element-4f0a421 elementor-widget elementor-widget-heading\" data-id=\"4f0a421\" data-element_type=\"widget\" data-e-type=\"widget\" data-widget_type=\"heading.default\">\n\t\t\t\t<div class=\"elementor-widget-container\">\n\t\t\t\t\t<p class=\"elementor-heading-title elementor-size-default\">Yannick Sondermeier<\/p>\t\t\t\t<\/div>\n\t\t\t\t<\/div>\n\t\t\t\t<div class=\"elementor-element elementor-element-a53b703 elementor-widget elementor-widget-text-editor\" data-id=\"a53b703\" data-element_type=\"widget\" data-e-type=\"widget\" data-widget_type=\"text-editor.default\">\n\t\t\t\t<div class=\"elementor-widget-container\">\n\t\t\t\t\t\t\t\t\t<p>Orthop\u00e4dietechnikermeister <span style=\"color: #808000;\">\u25cf<\/span> <span style=\"color: #ffffff;\">Werkstattleiter<\/span><\/p>\t\t\t\t\t\t\t\t<\/div>\n\t\t\t\t<\/div>\n\t\t\t\t<div class=\"elementor-element elementor-element-f237c0a elementor-widget elementor-widget-spacer\" data-id=\"f237c0a\" data-element_type=\"widget\" data-e-type=\"widget\" data-widget_type=\"spacer.default\">\n\t\t\t\t<div class=\"elementor-widget-container\">\n\t\t\t\t\t\t\t<div class=\"elementor-spacer\">\n\t\t\t<div class=\"elementor-spacer-inner\"><\/div>\n\t\t<\/div>\n\t\t\t\t\t\t<\/div>\n\t\t\t\t<\/div>\n\t\t\t\t<div class=\"elementor-element elementor-element-8836189 elementor-widget elementor-widget-image\" data-id=\"8836189\" data-element_type=\"widget\" data-e-type=\"widget\" data-widget_type=\"image.default\">\n\t\t\t\t<div class=\"elementor-widget-container\">\n\t\t\t\t\t\t\t\t\t\t\t\t\t\t\t<img loading=\"lazy\" decoding=\"async\" width=\"768\" height=\"512\" src=\"https:\/\/lentes-prothesenwerkstatt.de\/wp-content\/uploads\/2023\/10\/Lothar_Kunz-768x512.jpg\" class=\"attachment-medium_large size-medium_large wp-image-11185\" alt=\"\" srcset=\"https:\/\/lentes-prothesenwerkstatt.de\/wp-content\/uploads\/2023\/10\/Lothar_Kunz-768x512.jpg 768w, https:\/\/lentes-prothesenwerkstatt.de\/wp-content\/uploads\/2023\/10\/Lothar_Kunz-300x200.jpg 300w, https:\/\/lentes-prothesenwerkstatt.de\/wp-content\/uploads\/2023\/10\/Lothar_Kunz-1024x683.jpg 1024w, https:\/\/lentes-prothesenwerkstatt.de\/wp-content\/uploads\/2023\/10\/Lothar_Kunz-1536x1024.jpg 1536w, https:\/\/lentes-prothesenwerkstatt.de\/wp-content\/uploads\/2023\/10\/Lothar_Kunz-2048x1365.jpg 2048w\" sizes=\"(max-width: 768px) 100vw, 768px\" \/>\t\t\t\t\t\t\t\t\t\t\t\t\t\t\t<\/div>\n\t\t\t\t<\/div>\n\t\t\t\t<div class=\"elementor-element elementor-element-f026826 elementor-widget elementor-widget-heading\" data-id=\"f026826\" data-element_type=\"widget\" data-e-type=\"widget\" data-widget_type=\"heading.default\">\n\t\t\t\t<div class=\"elementor-widget-container\">\n\t\t\t\t\t<p class=\"elementor-heading-title elementor-size-default\">Lothar Kunz<\/p>\t\t\t\t<\/div>\n\t\t\t\t<\/div>\n\t\t\t\t<div class=\"elementor-element elementor-element-1f12d45 elementor-widget elementor-widget-text-editor\" data-id=\"1f12d45\" data-element_type=\"widget\" data-e-type=\"widget\" data-widget_type=\"text-editor.default\">\n\t\t\t\t<div class=\"elementor-widget-container\">\n\t\t\t\t\t\t\t\t\t<p>Orthop\u00e4dietechnikermeister<\/p>\t\t\t\t\t\t\t\t<\/div>\n\t\t\t\t<\/div>\n\t\t\t\t<div class=\"elementor-element elementor-element-b758a29 elementor-widget elementor-widget-spacer\" data-id=\"b758a29\" data-element_type=\"widget\" data-e-type=\"widget\" data-widget_type=\"spacer.default\">\n\t\t\t\t<div class=\"elementor-widget-container\">\n\t\t\t\t\t\t\t<div class=\"elementor-spacer\">\n\t\t\t<div class=\"elementor-spacer-inner\"><\/div>\n\t\t<\/div>\n\t\t\t\t\t\t<\/div>\n\t\t\t\t<\/div>\n\t\t\t\t<div class=\"elementor-element elementor-element-3daf9aa elementor-widget elementor-widget-image\" data-id=\"3daf9aa\" data-element_type=\"widget\" data-e-type=\"widget\" data-widget_type=\"image.default\">\n\t\t\t\t<div class=\"elementor-widget-container\">\n\t\t\t\t\t\t\t\t\t\t\t\t\t\t\t<img loading=\"lazy\" decoding=\"async\" width=\"768\" height=\"512\" src=\"https:\/\/lentes-prothesenwerkstatt.de\/wp-content\/uploads\/2021\/06\/Stefan_Schu-768x512.jpg\" class=\"attachment-medium_large size-medium_large wp-image-3699\" alt=\"Stefan Schuh - Lentes Prothesenwerkstatt K\u00f6ln\" srcset=\"https:\/\/lentes-prothesenwerkstatt.de\/wp-content\/uploads\/2021\/06\/Stefan_Schu-768x512.jpg 768w, https:\/\/lentes-prothesenwerkstatt.de\/wp-content\/uploads\/2021\/06\/Stefan_Schu-300x200.jpg 300w, https:\/\/lentes-prothesenwerkstatt.de\/wp-content\/uploads\/2021\/06\/Stefan_Schu-1024x683.jpg 1024w, https:\/\/lentes-prothesenwerkstatt.de\/wp-content\/uploads\/2021\/06\/Stefan_Schu-1536x1024.jpg 1536w, https:\/\/lentes-prothesenwerkstatt.de\/wp-content\/uploads\/2021\/06\/Stefan_Schu-2048x1365.jpg 2048w\" sizes=\"(max-width: 768px) 100vw, 768px\" \/>\t\t\t\t\t\t\t\t\t\t\t\t\t\t\t<\/div>\n\t\t\t\t<\/div>\n\t\t\t\t<div class=\"elementor-element elementor-element-8fc0903 elementor-widget elementor-widget-heading\" data-id=\"8fc0903\" data-element_type=\"widget\" data-e-type=\"widget\" data-widget_type=\"heading.default\">\n\t\t\t\t<div class=\"elementor-widget-container\">\n\t\t\t\t\t<p class=\"elementor-heading-title elementor-size-default\">Stefan Schu<\/p>\t\t\t\t<\/div>\n\t\t\t\t<\/div>\n\t\t\t\t<div class=\"elementor-element elementor-element-4392026 elementor-widget elementor-widget-text-editor\" data-id=\"4392026\" data-element_type=\"widget\" data-e-type=\"widget\" data-widget_type=\"text-editor.default\">\n\t\t\t\t<div class=\"elementor-widget-container\">\n\t\t\t\t\t\t\t\t\t<p>Orthop\u00e4dietechnikmechaniker<\/p>\t\t\t\t\t\t\t\t<\/div>\n\t\t\t\t<\/div>\n\t\t\t\t<div class=\"elementor-element elementor-element-3fae714 elementor-widget elementor-widget-spacer\" data-id=\"3fae714\" data-element_type=\"widget\" data-e-type=\"widget\" data-widget_type=\"spacer.default\">\n\t\t\t\t<div class=\"elementor-widget-container\">\n\t\t\t\t\t\t\t<div class=\"elementor-spacer\">\n\t\t\t<div class=\"elementor-spacer-inner\"><\/div>\n\t\t<\/div>\n\t\t\t\t\t\t<\/div>\n\t\t\t\t<\/div>\n\t\t\t\t<div class=\"elementor-element elementor-element-dc5c798 elementor-widget elementor-widget-image\" data-id=\"dc5c798\" data-element_type=\"widget\" data-e-type=\"widget\" data-widget_type=\"image.default\">\n\t\t\t\t<div class=\"elementor-widget-container\">\n\t\t\t\t\t\t\t\t\t\t\t\t\t\t\t<img loading=\"lazy\" decoding=\"async\" width=\"768\" height=\"512\" src=\"https:\/\/lentes-prothesenwerkstatt.de\/wp-content\/uploads\/2025\/09\/Jim_Lentes-768x512.jpg\" class=\"attachment-medium_large size-medium_large wp-image-14984\" alt=\"\" srcset=\"https:\/\/lentes-prothesenwerkstatt.de\/wp-content\/uploads\/2025\/09\/Jim_Lentes-768x512.jpg 768w, https:\/\/lentes-prothesenwerkstatt.de\/wp-content\/uploads\/2025\/09\/Jim_Lentes-300x200.jpg 300w, https:\/\/lentes-prothesenwerkstatt.de\/wp-content\/uploads\/2025\/09\/Jim_Lentes-1024x683.jpg 1024w, https:\/\/lentes-prothesenwerkstatt.de\/wp-content\/uploads\/2025\/09\/Jim_Lentes-1536x1024.jpg 1536w\" sizes=\"(max-width: 768px) 100vw, 768px\" \/>\t\t\t\t\t\t\t\t\t\t\t\t\t\t\t<\/div>\n\t\t\t\t<\/div>\n\t\t\t\t<div class=\"elementor-element elementor-element-ce79d4c elementor-widget elementor-widget-heading\" data-id=\"ce79d4c\" data-element_type=\"widget\" data-e-type=\"widget\" data-widget_type=\"heading.default\">\n\t\t\t\t<div class=\"elementor-widget-container\">\n\t\t\t\t\t<p class=\"elementor-heading-title elementor-size-default\">Jim Lentes<\/p>\t\t\t\t<\/div>\n\t\t\t\t<\/div>\n\t\t\t\t<div class=\"elementor-element elementor-element-1e6cae0 elementor-widget elementor-widget-text-editor\" data-id=\"1e6cae0\" data-element_type=\"widget\" data-e-type=\"widget\" data-widget_type=\"text-editor.default\">\n\t\t\t\t<div class=\"elementor-widget-container\">\n\t\t\t\t\t\t\t\t\t<p>Auszubildender zum Orthop\u00e4dietechnikmechaniker<\/p>\t\t\t\t\t\t\t\t<\/div>\n\t\t\t\t<\/div>\n\t\t\t\t<div class=\"elementor-element elementor-element-668cabd elementor-widget elementor-widget-spacer\" data-id=\"668cabd\" data-element_type=\"widget\" data-e-type=\"widget\" data-widget_type=\"spacer.default\">\n\t\t\t\t<div class=\"elementor-widget-container\">\n\t\t\t\t\t\t\t<div class=\"elementor-spacer\">\n\t\t\t<div class=\"elementor-spacer-inner\"><\/div>\n\t\t<\/div>\n\t\t\t\t\t\t<\/div>\n\t\t\t\t<\/div>\n\t\t\t\t\t<\/div>\n\t\t<\/div>\n\t\t\t\t\t<\/div>\n\t\t<\/section>\n\t\t\t\t<section class=\"elementor-section elementor-top-section elementor-element elementor-element-fe27ac7 elementor-section-boxed elementor-section-height-default elementor-section-height-default wpr-particle-no wpr-jarallax-no wpr-parallax-no wpr-sticky-section-no wpr-equal-height-no\" data-id=\"fe27ac7\" data-element_type=\"section\" data-e-type=\"section\" data-settings=\"{&quot;background_background&quot;:&quot;classic&quot;}\">\n\t\t\t\t\t\t<div class=\"elementor-container elementor-column-gap-default\">\n\t\t\t\t\t<div class=\"elementor-column elementor-col-100 elementor-top-column elementor-element elementor-element-19e4e1c\" data-id=\"19e4e1c\" data-element_type=\"column\" data-e-type=\"column\">\n\t\t\t<div class=\"elementor-widget-wrap elementor-element-populated\">\n\t\t\t\t\t\t<section class=\"elementor-section elementor-inner-section elementor-element elementor-element-af6f4a8 elementor-section-boxed elementor-section-height-default elementor-section-height-default wpr-particle-no wpr-jarallax-no wpr-parallax-no wpr-sticky-section-no wpr-equal-height-no\" data-id=\"af6f4a8\" data-element_type=\"section\" data-e-type=\"section\">\n\t\t\t\t\t\t<div class=\"elementor-container elementor-column-gap-default\">\n\t\t\t\t\t<div class=\"elementor-column elementor-col-100 elementor-inner-column elementor-element elementor-element-b324319\" data-id=\"b324319\" data-element_type=\"column\" data-e-type=\"column\">\n\t\t\t<div class=\"elementor-widget-wrap elementor-element-populated\">\n\t\t\t\t\t\t<div class=\"elementor-element elementor-element-48c215b elementor-widget elementor-widget-spacer\" data-id=\"48c215b\" data-element_type=\"widget\" data-e-type=\"widget\" data-widget_type=\"spacer.default\">\n\t\t\t\t<div class=\"elementor-widget-container\">\n\t\t\t\t\t\t\t<div class=\"elementor-spacer\">\n\t\t\t<div class=\"elementor-spacer-inner\"><\/div>\n\t\t<\/div>\n\t\t\t\t\t\t<\/div>\n\t\t\t\t<\/div>\n\t\t\t\t\t<\/div>\n\t\t<\/div>\n\t\t\t\t\t<\/div>\n\t\t<\/section>\n\t\t\t\t\t<\/div>\n\t\t<\/div>\n\t\t\t\t\t<\/div>\n\t\t<\/section>\n\t\t\t\t<section class=\"elementor-section elementor-top-section elementor-element elementor-element-f0f4a9e elementor-section-height-min-height elementor-hidden-mobile elementor-section-boxed elementor-section-height-default elementor-section-items-middle wpr-particle-no wpr-jarallax-no wpr-parallax-no wpr-sticky-section-no wpr-equal-height-no\" data-id=\"f0f4a9e\" data-element_type=\"section\" data-e-type=\"section\" data-settings=\"{&quot;background_background&quot;:&quot;classic&quot;}\">\n\t\t\t\t\t\t<div class=\"elementor-container elementor-column-gap-default\">\n\t\t\t\t\t<div class=\"elementor-column elementor-col-33 elementor-top-column elementor-element elementor-element-e162416\" data-id=\"e162416\" data-element_type=\"column\" data-e-type=\"column\" data-settings=\"{&quot;background_background&quot;:&quot;classic&quot;}\">\n\t\t\t<div class=\"elementor-widget-wrap\">\n\t\t\t\t\t\t\t<\/div>\n\t\t<\/div>\n\t\t\t\t<div class=\"elementor-column elementor-col-33 elementor-top-column elementor-element elementor-element-bdedcac\" data-id=\"bdedcac\" data-element_type=\"column\" data-e-type=\"column\" data-settings=\"{&quot;background_background&quot;:&quot;classic&quot;}\">\n\t\t\t<div class=\"elementor-widget-wrap elementor-element-populated\">\n\t\t\t\t\t\t<section class=\"elementor-section elementor-inner-section elementor-element elementor-element-aeee4f4 elementor-hidden-phone elementor-section-full_width elementor-section-height-default elementor-section-height-default wpr-particle-no wpr-jarallax-no wpr-parallax-no wpr-sticky-section-no wpr-equal-height-no\" data-id=\"aeee4f4\" data-element_type=\"section\" data-e-type=\"section\">\n\t\t\t\t\t\t<div class=\"elementor-container elementor-column-gap-default\">\n\t\t\t\t\t<div class=\"elementor-column elementor-col-100 elementor-inner-column elementor-element elementor-element-918d509\" data-id=\"918d509\" data-element_type=\"column\" data-e-type=\"column\">\n\t\t\t<div class=\"elementor-widget-wrap elementor-element-populated\">\n\t\t\t\t\t\t<div class=\"elementor-element elementor-element-033a1a3 elementor-widget elementor-widget-heading\" data-id=\"033a1a3\" data-element_type=\"widget\" data-e-type=\"widget\" data-widget_type=\"heading.default\">\n\t\t\t\t<div class=\"elementor-widget-container\">\n\t\t\t\t\t<h2 class=\"elementor-heading-title elementor-size-default\">Kontaktieren Sie uns gerne <\/h2>\t\t\t\t<\/div>\n\t\t\t\t<\/div>\n\t\t\t\t\t<\/div>\n\t\t<\/div>\n\t\t\t\t\t<\/div>\n\t\t<\/section>\n\t\t\t\t\t<\/div>\n\t\t<\/div>\n\t\t\t\t<div class=\"elementor-column elementor-col-33 elementor-top-column elementor-element elementor-element-2ac7e16\" data-id=\"2ac7e16\" data-element_type=\"column\" data-e-type=\"column\" data-settings=\"{&quot;background_background&quot;:&quot;classic&quot;}\">\n\t\t\t<div class=\"elementor-widget-wrap\">\n\t\t\t\t\t\t\t<\/div>\n\t\t<\/div>\n\t\t\t\t\t<\/div>\n\t\t<\/section>\n\t\t\t\t<section class=\"elementor-section elementor-top-section elementor-element elementor-element-496661d elementor-section-height-min-height elementor-hidden-desktop elementor-hidden-tablet elementor-section-boxed elementor-section-height-default elementor-section-items-middle wpr-particle-no wpr-jarallax-no wpr-parallax-no wpr-sticky-section-no wpr-equal-height-no\" data-id=\"496661d\" data-element_type=\"section\" data-e-type=\"section\" data-settings=\"{&quot;background_background&quot;:&quot;classic&quot;}\">\n\t\t\t\t\t\t<div class=\"elementor-container elementor-column-gap-default\">\n\t\t\t\t\t<div class=\"elementor-column elementor-col-100 elementor-top-column elementor-element elementor-element-166cc52\" data-id=\"166cc52\" data-element_type=\"column\" data-e-type=\"column\" data-settings=\"{&quot;background_background&quot;:&quot;classic&quot;}\">\n\t\t\t<div class=\"elementor-widget-wrap elementor-element-populated\">\n\t\t\t\t\t\t<section class=\"elementor-section elementor-inner-section elementor-element elementor-element-bcef98d elementor-section-boxed elementor-section-height-default elementor-section-height-default wpr-particle-no wpr-jarallax-no wpr-parallax-no wpr-sticky-section-no wpr-equal-height-no\" data-id=\"bcef98d\" data-element_type=\"section\" data-e-type=\"section\">\n\t\t\t\t\t\t<div class=\"elementor-container elementor-column-gap-default\">\n\t\t\t\t\t<div class=\"elementor-column elementor-col-100 elementor-inner-column elementor-element elementor-element-8cc06f7\" data-id=\"8cc06f7\" data-element_type=\"column\" data-e-type=\"column\">\n\t\t\t<div class=\"elementor-widget-wrap elementor-element-populated\">\n\t\t\t\t\t\t<div class=\"elementor-element elementor-element-3d20380 elementor-widget elementor-widget-heading\" data-id=\"3d20380\" data-element_type=\"widget\" data-e-type=\"widget\" data-widget_type=\"heading.default\">\n\t\t\t\t<div class=\"elementor-widget-container\">\n\t\t\t\t\t<h2 class=\"elementor-heading-title elementor-size-default\">Kontaktieren Sie uns gerne <\/h2>\t\t\t\t<\/div>\n\t\t\t\t<\/div>\n\t\t\t\t\t<\/div>\n\t\t<\/div>\n\t\t\t\t\t<\/div>\n\t\t<\/section>\n\t\t\t\t\t<\/div>\n\t\t<\/div>\n\t\t\t\t\t<\/div>\n\t\t<\/section>\n\t\t\t\t<section class=\"elementor-section elementor-top-section elementor-element elementor-element-09d06ad elementor-section-height-min-height elementor-hidden-desktop elementor-hidden-tablet elementor-section-boxed elementor-section-height-default elementor-section-items-middle wpr-particle-no wpr-jarallax-no wpr-parallax-no wpr-sticky-section-no wpr-equal-height-no\" data-id=\"09d06ad\" data-element_type=\"section\" data-e-type=\"section\" data-settings=\"{&quot;background_background&quot;:&quot;classic&quot;}\">\n\t\t\t\t\t\t<div class=\"elementor-container elementor-column-gap-default\">\n\t\t\t\t\t<div class=\"elementor-column elementor-col-100 elementor-top-column elementor-element elementor-element-1bb8a88\" data-id=\"1bb8a88\" data-element_type=\"column\" data-e-type=\"column\" data-settings=\"{&quot;background_background&quot;:&quot;classic&quot;}\">\n\t\t\t<div class=\"elementor-widget-wrap elementor-element-populated\">\n\t\t\t\t\t\t<section class=\"elementor-section elementor-inner-section elementor-element elementor-element-852708a elementor-section-boxed elementor-section-height-default elementor-section-height-default wpr-particle-no wpr-jarallax-no wpr-parallax-no wpr-sticky-section-no wpr-equal-height-no\" data-id=\"852708a\" data-element_type=\"section\" data-e-type=\"section\">\n\t\t\t\t\t\t<div class=\"elementor-container elementor-column-gap-default\">\n\t\t\t\t\t<div class=\"elementor-column elementor-col-100 elementor-inner-column elementor-element elementor-element-1aa43f4\" data-id=\"1aa43f4\" data-element_type=\"column\" data-e-type=\"column\">\n\t\t\t<div class=\"elementor-widget-wrap elementor-element-populated\">\n\t\t\t\t\t\t<div class=\"elementor-element elementor-element-ee261e6 elementor-widget elementor-widget-text-editor\" data-id=\"ee261e6\" data-element_type=\"widget\" data-e-type=\"widget\" data-widget_type=\"text-editor.default\">\n\t\t\t\t<div class=\"elementor-widget-container\">\n\t\t\t\t\t\t\t\t\t<p><span style=\"color: #808000;\">LENTES PROTHESENWERKSTATT K\u00f6ln<\/span><br \/><span style=\"color: #ffffff;\">Stolberger Str. 2 <br \/>50933 K\u00f6ln<br \/><\/span><\/p>\t\t\t\t\t\t\t\t<\/div>\n\t\t\t\t<\/div>\n\t\t\t\t<div class=\"elementor-element elementor-element-e7e69e9 elementor-icon-list--layout-traditional elementor-list-item-link-full_width elementor-widget elementor-widget-icon-list\" data-id=\"e7e69e9\" data-element_type=\"widget\" data-e-type=\"widget\" data-widget_type=\"icon-list.default\">\n\t\t\t\t<div class=\"elementor-widget-container\">\n\t\t\t\t\t\t\t<ul class=\"elementor-icon-list-items\">\n\t\t\t\t\t\t\t<li class=\"elementor-icon-list-item\">\n\t\t\t\t\t\t\t\t\t\t\t<a href=\"tel:+4922113068464\">\n\n\t\t\t\t\t\t\t\t\t\t\t\t<span class=\"elementor-icon-list-icon\">\n\t\t\t\t\t\t\t<i aria-hidden=\"true\" class=\"fas fa-phone-alt\"><\/i>\t\t\t\t\t\t<\/span>\n\t\t\t\t\t\t\t\t\t\t<span class=\"elementor-icon-list-text\">Telefon 0221 \/ 13 06 84  64<\/span>\n\t\t\t\t\t\t\t\t\t\t\t<\/a>\n\t\t\t\t\t\t\t\t\t<\/li>\n\t\t\t\t\t\t\t\t<li class=\"elementor-icon-list-item\">\n\t\t\t\t\t\t\t\t\t\t\t<span class=\"elementor-icon-list-icon\">\n\t\t\t\t\t\t\t<i aria-hidden=\"true\" class=\"fas fa-fax\"><\/i>\t\t\t\t\t\t<\/span>\n\t\t\t\t\t\t\t\t\t\t<span class=\"elementor-icon-list-text\">Fax 0221 \/ 13 06 84 76<\/span>\n\t\t\t\t\t\t\t\t\t<\/li>\n\t\t\t\t\t\t\t\t<li class=\"elementor-icon-list-item\">\n\t\t\t\t\t\t\t\t\t\t\t<a href=\"mailto:info@lentes-prothesen.de\">\n\n\t\t\t\t\t\t\t\t\t\t\t\t<span class=\"elementor-icon-list-icon\">\n\t\t\t\t\t\t\t<i aria-hidden=\"true\" class=\"fas fa-envelope\"><\/i>\t\t\t\t\t\t<\/span>\n\t\t\t\t\t\t\t\t\t\t<span class=\"elementor-icon-list-text\">info@lentes-prothesen.de<\/span>\n\t\t\t\t\t\t\t\t\t\t\t<\/a>\n\t\t\t\t\t\t\t\t\t<\/li>\n\t\t\t\t\t\t<\/ul>\n\t\t\t\t\t\t<\/div>\n\t\t\t\t<\/div>\n\t\t\t\t\t<\/div>\n\t\t<\/div>\n\t\t\t\t\t<\/div>\n\t\t<\/section>\n\t\t\t\t\t<\/div>\n\t\t<\/div>\n\t\t\t\t\t<\/div>\n\t\t<\/section>\n\t\t<div class=\"elementor-element elementor-element-95d42dc elementor-hidden-mobile e-flex e-con-boxed wpr-particle-no wpr-jarallax-no wpr-parallax-no wpr-sticky-section-no wpr-equal-height-no e-con e-parent\" data-id=\"95d42dc\" data-element_type=\"container\" data-e-type=\"container\" data-settings=\"{&quot;background_background&quot;:&quot;classic&quot;}\">\n\t\t\t\t\t<div class=\"e-con-inner\">\n\t\t<div class=\"elementor-element elementor-element-e41f18e e-con-full elementor-hidden-mobile e-flex wpr-particle-no wpr-jarallax-no wpr-parallax-no wpr-sticky-section-no wpr-equal-height-no e-con e-child\" data-id=\"e41f18e\" data-element_type=\"container\" data-e-type=\"container\">\n\t\t\t\t<\/div>\n\t\t<div class=\"elementor-element elementor-element-2e2da0a e-con-full e-flex wpr-particle-no wpr-jarallax-no wpr-parallax-no wpr-sticky-section-no wpr-equal-height-no e-con e-child\" data-id=\"2e2da0a\" data-element_type=\"container\" data-e-type=\"container\">\n\t\t\t\t<div class=\"elementor-element elementor-element-3fcdf17 elementor-widget elementor-widget-text-editor\" data-id=\"3fcdf17\" data-element_type=\"widget\" data-e-type=\"widget\" data-widget_type=\"text-editor.default\">\n\t\t\t\t<div class=\"elementor-widget-container\">\n\t\t\t\t\t\t\t\t\t<p><span style=\"color: #808000;\">LENTES PROTHESENWERKSTATT K\u00f6ln<\/span><br \/><span style=\"color: #ffffff;\">Stolberger Str. 2 <br \/>50933 K\u00f6ln<br \/><\/span><\/p>\t\t\t\t\t\t\t\t<\/div>\n\t\t\t\t<\/div>\n\t\t\t\t<div class=\"elementor-element elementor-element-48c41b5 elementor-icon-list--layout-traditional elementor-list-item-link-full_width elementor-widget elementor-widget-icon-list\" data-id=\"48c41b5\" data-element_type=\"widget\" data-e-type=\"widget\" data-widget_type=\"icon-list.default\">\n\t\t\t\t<div class=\"elementor-widget-container\">\n\t\t\t\t\t\t\t<ul class=\"elementor-icon-list-items\">\n\t\t\t\t\t\t\t<li class=\"elementor-icon-list-item\">\n\t\t\t\t\t\t\t\t\t\t\t<a href=\"tel:+4922113068464\">\n\n\t\t\t\t\t\t\t\t\t\t\t\t<span class=\"elementor-icon-list-icon\">\n\t\t\t\t\t\t\t<i aria-hidden=\"true\" class=\"fas fa-phone-alt\"><\/i>\t\t\t\t\t\t<\/span>\n\t\t\t\t\t\t\t\t\t\t<span class=\"elementor-icon-list-text\">Telefon 0221 \/ 13 06 84  64<\/span>\n\t\t\t\t\t\t\t\t\t\t\t<\/a>\n\t\t\t\t\t\t\t\t\t<\/li>\n\t\t\t\t\t\t\t\t<li class=\"elementor-icon-list-item\">\n\t\t\t\t\t\t\t\t\t\t\t<span class=\"elementor-icon-list-icon\">\n\t\t\t\t\t\t\t<i aria-hidden=\"true\" class=\"fas fa-fax\"><\/i>\t\t\t\t\t\t<\/span>\n\t\t\t\t\t\t\t\t\t\t<span class=\"elementor-icon-list-text\">Fax 0221 \/ 13 06 84 76<\/span>\n\t\t\t\t\t\t\t\t\t<\/li>\n\t\t\t\t\t\t\t\t<li class=\"elementor-icon-list-item\">\n\t\t\t\t\t\t\t\t\t\t\t<a href=\"mailto:info@lentes-prothesen.de\">\n\n\t\t\t\t\t\t\t\t\t\t\t\t<span class=\"elementor-icon-list-icon\">\n\t\t\t\t\t\t\t<i aria-hidden=\"true\" class=\"fas fa-envelope\"><\/i>\t\t\t\t\t\t<\/span>\n\t\t\t\t\t\t\t\t\t\t<span class=\"elementor-icon-list-text\">info@lentes-prothesen.de<\/span>\n\t\t\t\t\t\t\t\t\t\t\t<\/a>\n\t\t\t\t\t\t\t\t\t<\/li>\n\t\t\t\t\t\t<\/ul>\n\t\t\t\t\t\t<\/div>\n\t\t\t\t<\/div>\n\t\t\t\t<\/div>\n\t\t<div class=\"elementor-element elementor-element-fcce8b0 e-con-full e-flex wpr-particle-no wpr-jarallax-no wpr-parallax-no wpr-sticky-section-no wpr-equal-height-no e-con e-child\" data-id=\"fcce8b0\" data-element_type=\"container\" data-e-type=\"container\">\n\t\t\t\t<\/div>\n\t\t\t\t\t<\/div>\n\t\t\t\t<\/div>\n\t\t\t\t<section class=\"elementor-section elementor-top-section elementor-element elementor-element-53aa1b0 elementor-section-full_width elementor-section-stretched elementor-section-height-default elementor-section-height-default wpr-particle-no wpr-jarallax-no wpr-parallax-no wpr-sticky-section-no wpr-equal-height-no\" data-id=\"53aa1b0\" data-element_type=\"section\" data-e-type=\"section\" data-settings=\"{&quot;background_background&quot;:&quot;classic&quot;,&quot;stretch_section&quot;:&quot;section-stretched&quot;}\">\n\t\t\t\t\t\t<div class=\"elementor-container elementor-column-gap-no\">\n\t\t\t\t\t<div class=\"elementor-column elementor-col-100 elementor-top-column elementor-element elementor-element-bbc03e7\" data-id=\"bbc03e7\" data-element_type=\"column\" data-e-type=\"column\">\n\t\t\t<div class=\"elementor-widget-wrap elementor-element-populated\">\n\t\t\t\t\t\t<div class=\"elementor-element elementor-element-abd6e7e elementor-widget elementor-widget-spacer\" data-id=\"abd6e7e\" data-element_type=\"widget\" data-e-type=\"widget\" data-widget_type=\"spacer.default\">\n\t\t\t\t<div class=\"elementor-widget-container\">\n\t\t\t\t\t\t\t<div class=\"elementor-spacer\">\n\t\t\t<div class=\"elementor-spacer-inner\"><\/div>\n\t\t<\/div>\n\t\t\t\t\t\t<\/div>\n\t\t\t\t<\/div>\n\t\t\t\t\t<\/div>\n\t\t<\/div>\n\t\t\t\t\t<\/div>\n\t\t<\/section>\n\t\t\t\t<\/div>\n\t\t","protected":false},"excerpt":{"rendered":"<p>Zusammen sind wir stark! Unser Team besteht aus passionierten Orthop\u00e4dietechniker*innen und Meister*innen, die sich mit Leidenschaft speziell der Prothetik widmen. Wir gehen mit der Zeit, mit der Technik und mit unseren Kund*innen, um immer die bestm\u00f6gliche Versorgung zu bieten. Zusammen arbeitet unser interdisziplin\u00e4res Team mit unseren Kundinnen und Kunden an der Definition ihrer pers\u00f6nlichen Ziele \u2013 und sorgt daf\u00fcr, dass sie erreicht werden. Zusammen sind wir stark! Unser Team besteht aus passionierten Orthop\u00e4dietechniker*innen und Meister*innen, die sich mit Leidenschaft speziell der Prothetik widmen. Wir gehen mit der Zeit, mit der Technik und mit unseren Kund*innen, um immer die bestm\u00f6gliche Versorgung zu bieten. Zusammen arbeitet unser interdisziplin\u00e4res Team mit unseren Kundinnen und Kunden an der Definition ihrer pers\u00f6nlichen Ziele \u2013 und sorgt daf\u00fcr, dass sie erreicht werden. Zusammen sind wir stark! Unser Team besteht aus passionierten Orthop\u00e4dietechniker*innen und Meister*innen, die sich mit Leidenschaft speziell der Prothetik widmen. Wir gehen mit der Zeit, mit der Technik und mit unseren Kund*innen, um immer die bestm\u00f6gliche Versorgung zu bieten. Zusammen arbeitet unser interdisziplin\u00e4res Team mit unseren Kundinnen und Kunden an der Definition ihrer pers\u00f6n-lichen Ziele \u2013 und sorgt daf\u00fcr, dass sie erreicht werden. K\u00f6ln Im Stadtteil Braunsfeld befindet sich der Stammsitz der LENTES PROTHESENWERKSTATT K\u00f6ln Im Stadtteil Braunsfeld befindet sich der Stammsitz der LENTES PROTHESENWERKSTATT K\u00f6ln Im Stadtteil Braunsfeld befindet sich der Stammsitz der LENTES PROTHESENWERKSTATT jan lentes Orthop\u00e4dietechnikermeisterInhaber LENTES PROTHESENWERKSTATT K\u00f6ln Gesch\u00e4ftsfu\u0308hrer \u00a0Leverkusen und D\u00fcren\u00a0\u00a0 Yannick Sondermeier Orthop\u00e4dietechnikermeister \u25cf Werkstattleiter jan lentes Orthop\u00e4dietechnikermeisterInhaber LENTES PROTHESENWERKSTATT\u00a0 K\u00f6lnGesch\u00e4ftsfu\u0308hrer \u00a0Leverkusen und D\u00fcren\u00a0 \u00a0 Yannick Sondermeier Orthop\u00e4dietechnikermeister \u25cf Werkstattleiter nicole lentes B\u00fcro und Administration EVA HARTMANN Kauffrau im Gesundheitswesen lothar kunz Orthop\u00e4dietechnikermeister Emilio evangelista Orthop\u00e4dietechnikmechaniker stefan schu Orthop\u00e4dietechnikmechaniker Jim Lentes Auszubildender zum Orthop\u00e4dietechnikmechaniker nicole lentes B\u00fcro und Administration lothar kunz Orthop\u00e4dietechnikmeister EVA HARTMANN Kauffrau im Gesundheitswesen Emilio evangelista Orthop\u00e4dietechnikmechaniker stefan schu Orthop\u00e4dietechnikmechaniker jim lentes Auszubildender zum Orthop\u00e4dietechnikmechaniker Jan Lentes Orthop\u00e4dietechnikermeister Inhaber LENTES PROTHESENWERKSTATT K\u00f6ln Gesch\u00e4ftsfu\u0308hrer Leverkusen und D\u00fcren\u00a0 Nicole Lentes B\u00fcro und Administration Eva Hartmann Kauffrau im Gesundheitswesen Emilio Evangelista Orthop\u00e4dietechnikmechaniker Yannick Sondermeier Orthop\u00e4dietechnikermeister \u25cf Werkstattleiter Lothar Kunz Orthop\u00e4dietechnikermeister Stefan Schu Orthop\u00e4dietechnikmechaniker Jim Lentes Auszubildender zum Orthop\u00e4dietechnikmechaniker Kontaktieren Sie uns gerne Kontaktieren Sie uns gerne LENTES PROTHESENWERKSTATT K\u00f6lnStolberger Str. 2 50933 K\u00f6ln Telefon 0221 \/ 13 06 84 64 Fax 0221 \/ 13 06 84 76 info@lentes-prothesen.de LENTES PROTHESENWERKSTATT K\u00f6lnStolberger Str. 2 50933 K\u00f6ln Telefon 0221 \/ 13 06 84 64 Fax 0221 \/ 13 06 84 76 info@lentes-prothesen.de<\/p>\n","protected":false},"author":1,"featured_media":0,"parent":0,"menu_order":0,"comment_status":"closed","ping_status":"closed","template":"","meta":{"footnotes":""},"class_list":["post-115","page","type-page","status-publish","hentry"],"yoast_head":"<!-- This site is optimized with the Yoast SEO plugin v27.4 - https:\/\/yoast.com\/product\/yoast-seo-wordpress\/ -->\n<title>Prothesen aus K\u00f6ln | Lentes Prothesenwerkstatt<\/title>\n<meta name=\"description\" content=\"Prothesen aus K\u00f6ln-Braunsfeld \u2713Leidenschaft \u2713Technik \u2713Individualit\u00e4t \u2713Pers\u00f6nlichkeit \u25baIndividuelles Gespr\u00e4ch bei uns\" \/>\n<meta name=\"robots\" content=\"index, follow, max-snippet:-1, max-image-preview:large, max-video-preview:-1\" \/>\n<link rel=\"canonical\" href=\"https:\/\/lentes-prothesenwerkstatt.de\/index.php\/koeln\/\" \/>\n<meta property=\"og:locale\" content=\"de_DE\" \/>\n<meta property=\"og:type\" content=\"article\" \/>\n<meta property=\"og:title\" content=\"Prothesen aus K\u00f6ln | Lentes Prothesenwerkstatt\" \/>\n<meta property=\"og:description\" content=\"Prothesen aus K\u00f6ln-Braunsfeld \u2713Leidenschaft \u2713Technik \u2713Individualit\u00e4t \u2713Pers\u00f6nlichkeit \u25baIndividuelles Gespr\u00e4ch bei uns\" \/>\n<meta property=\"og:url\" content=\"https:\/\/lentes-prothesenwerkstatt.de\/index.php\/koeln\/\" \/>\n<meta property=\"og:site_name\" content=\"Lentes Prothesenwerkstatt\" \/>\n<meta property=\"article:modified_time\" content=\"2025-11-26T10:14:07+00:00\" \/>\n<meta property=\"og:image\" content=\"https:\/\/lentes-prothesenwerkstatt.de\/wp-content\/uploads\/2021\/06\/jan_lentes_03.jpg\" \/>\n\t<meta property=\"og:image:width\" content=\"2560\" \/>\n\t<meta property=\"og:image:height\" content=\"1707\" \/>\n\t<meta property=\"og:image:type\" content=\"image\/jpeg\" \/>\n<meta name=\"twitter:card\" content=\"summary_large_image\" \/>\n<meta name=\"twitter:label1\" content=\"Gesch\u00e4tzte Lesezeit\" \/>\n\t<meta name=\"twitter:data1\" content=\"5\u00a0Minuten\" \/>\n<script type=\"application\/ld+json\" class=\"yoast-schema-graph\">{\"@context\":\"https:\\\/\\\/schema.org\",\"@graph\":[{\"@type\":\"WebPage\",\"@id\":\"https:\\\/\\\/lentes-prothesenwerkstatt.de\\\/index.php\\\/koeln\\\/\",\"url\":\"https:\\\/\\\/lentes-prothesenwerkstatt.de\\\/index.php\\\/koeln\\\/\",\"name\":\"Prothesen aus K\u00f6ln | Lentes Prothesenwerkstatt\",\"isPartOf\":{\"@id\":\"https:\\\/\\\/lentes-prothesenwerkstatt.de\\\/#website\"},\"primaryImageOfPage\":{\"@id\":\"https:\\\/\\\/lentes-prothesenwerkstatt.de\\\/index.php\\\/koeln\\\/#primaryimage\"},\"image\":{\"@id\":\"https:\\\/\\\/lentes-prothesenwerkstatt.de\\\/index.php\\\/koeln\\\/#primaryimage\"},\"thumbnailUrl\":\"https:\\\/\\\/lentes-prothesenwerkstatt.de\\\/wp-content\\\/uploads\\\/2021\\\/06\\\/jan_lentes_03.jpg\",\"datePublished\":\"2021-04-27T09:20:31+00:00\",\"dateModified\":\"2025-11-26T10:14:07+00:00\",\"description\":\"Prothesen aus K\u00f6ln-Braunsfeld \u2713Leidenschaft \u2713Technik \u2713Individualit\u00e4t \u2713Pers\u00f6nlichkeit \u25baIndividuelles Gespr\u00e4ch bei uns\",\"inLanguage\":\"de\",\"potentialAction\":[{\"@type\":\"ReadAction\",\"target\":[\"https:\\\/\\\/lentes-prothesenwerkstatt.de\\\/index.php\\\/koeln\\\/\"]}]},{\"@type\":\"ImageObject\",\"inLanguage\":\"de\",\"@id\":\"https:\\\/\\\/lentes-prothesenwerkstatt.de\\\/index.php\\\/koeln\\\/#primaryimage\",\"url\":\"https:\\\/\\\/lentes-prothesenwerkstatt.de\\\/wp-content\\\/uploads\\\/2021\\\/06\\\/jan_lentes_03.jpg\",\"contentUrl\":\"https:\\\/\\\/lentes-prothesenwerkstatt.de\\\/wp-content\\\/uploads\\\/2021\\\/06\\\/jan_lentes_03.jpg\",\"width\":2560,\"height\":1707,\"caption\":\"Jan Lentes - Lentes Prothesenwerkstatt K\u00f6ln\"},{\"@type\":\"WebSite\",\"@id\":\"https:\\\/\\\/lentes-prothesenwerkstatt.de\\\/#website\",\"url\":\"https:\\\/\\\/lentes-prothesenwerkstatt.de\\\/\",\"name\":\"Lentes Prothesenwerkstatt\",\"description\":\"Handwerk, das Bewegt\",\"publisher\":{\"@id\":\"https:\\\/\\\/lentes-prothesenwerkstatt.de\\\/#organization\"},\"potentialAction\":[{\"@type\":\"SearchAction\",\"target\":{\"@type\":\"EntryPoint\",\"urlTemplate\":\"https:\\\/\\\/lentes-prothesenwerkstatt.de\\\/?s={search_term_string}\"},\"query-input\":{\"@type\":\"PropertyValueSpecification\",\"valueRequired\":true,\"valueName\":\"search_term_string\"}}],\"inLanguage\":\"de\"},{\"@type\":\"Organization\",\"@id\":\"https:\\\/\\\/lentes-prothesenwerkstatt.de\\\/#organization\",\"name\":\"Lentes Prothesenwerkstatt\",\"url\":\"https:\\\/\\\/lentes-prothesenwerkstatt.de\\\/\",\"logo\":{\"@type\":\"ImageObject\",\"inLanguage\":\"de\",\"@id\":\"https:\\\/\\\/lentes-prothesenwerkstatt.de\\\/#\\\/schema\\\/logo\\\/image\\\/\",\"url\":\"https:\\\/\\\/lentes-prothesenwerkstatt.de\\\/wp-content\\\/uploads\\\/2021\\\/04\\\/Logo_Lentes_Prothesenwerkstatt_rgb_02.png\",\"contentUrl\":\"https:\\\/\\\/lentes-prothesenwerkstatt.de\\\/wp-content\\\/uploads\\\/2021\\\/04\\\/Logo_Lentes_Prothesenwerkstatt_rgb_02.png\",\"width\":600,\"height\":287,\"caption\":\"Lentes Prothesenwerkstatt\"},\"image\":{\"@id\":\"https:\\\/\\\/lentes-prothesenwerkstatt.de\\\/#\\\/schema\\\/logo\\\/image\\\/\"}}]}<\/script>\n<!-- \/ Yoast SEO plugin. -->","yoast_head_json":{"title":"Prothesen aus K\u00f6ln | Lentes Prothesenwerkstatt","description":"Prothesen aus K\u00f6ln-Braunsfeld \u2713Leidenschaft \u2713Technik \u2713Individualit\u00e4t \u2713Pers\u00f6nlichkeit \u25baIndividuelles Gespr\u00e4ch bei uns","robots":{"index":"index","follow":"follow","max-snippet":"max-snippet:-1","max-image-preview":"max-image-preview:large","max-video-preview":"max-video-preview:-1"},"canonical":"https:\/\/lentes-prothesenwerkstatt.de\/index.php\/koeln\/","og_locale":"de_DE","og_type":"article","og_title":"Prothesen aus K\u00f6ln | Lentes Prothesenwerkstatt","og_description":"Prothesen aus K\u00f6ln-Braunsfeld \u2713Leidenschaft \u2713Technik \u2713Individualit\u00e4t \u2713Pers\u00f6nlichkeit \u25baIndividuelles Gespr\u00e4ch bei uns","og_url":"https:\/\/lentes-prothesenwerkstatt.de\/index.php\/koeln\/","og_site_name":"Lentes Prothesenwerkstatt","article_modified_time":"2025-11-26T10:14:07+00:00","og_image":[{"width":2560,"height":1707,"url":"https:\/\/lentes-prothesenwerkstatt.de\/wp-content\/uploads\/2021\/06\/jan_lentes_03.jpg","type":"image\/jpeg"}],"twitter_card":"summary_large_image","twitter_misc":{"Gesch\u00e4tzte Lesezeit":"5\u00a0Minuten"},"schema":{"@context":"https:\/\/schema.org","@graph":[{"@type":"WebPage","@id":"https:\/\/lentes-prothesenwerkstatt.de\/index.php\/koeln\/","url":"https:\/\/lentes-prothesenwerkstatt.de\/index.php\/koeln\/","name":"Prothesen aus K\u00f6ln | Lentes Prothesenwerkstatt","isPartOf":{"@id":"https:\/\/lentes-prothesenwerkstatt.de\/#website"},"primaryImageOfPage":{"@id":"https:\/\/lentes-prothesenwerkstatt.de\/index.php\/koeln\/#primaryimage"},"image":{"@id":"https:\/\/lentes-prothesenwerkstatt.de\/index.php\/koeln\/#primaryimage"},"thumbnailUrl":"https:\/\/lentes-prothesenwerkstatt.de\/wp-content\/uploads\/2021\/06\/jan_lentes_03.jpg","datePublished":"2021-04-27T09:20:31+00:00","dateModified":"2025-11-26T10:14:07+00:00","description":"Prothesen aus K\u00f6ln-Braunsfeld \u2713Leidenschaft \u2713Technik \u2713Individualit\u00e4t \u2713Pers\u00f6nlichkeit \u25baIndividuelles Gespr\u00e4ch bei uns","inLanguage":"de","potentialAction":[{"@type":"ReadAction","target":["https:\/\/lentes-prothesenwerkstatt.de\/index.php\/koeln\/"]}]},{"@type":"ImageObject","inLanguage":"de","@id":"https:\/\/lentes-prothesenwerkstatt.de\/index.php\/koeln\/#primaryimage","url":"https:\/\/lentes-prothesenwerkstatt.de\/wp-content\/uploads\/2021\/06\/jan_lentes_03.jpg","contentUrl":"https:\/\/lentes-prothesenwerkstatt.de\/wp-content\/uploads\/2021\/06\/jan_lentes_03.jpg","width":2560,"height":1707,"caption":"Jan Lentes - Lentes Prothesenwerkstatt K\u00f6ln"},{"@type":"WebSite","@id":"https:\/\/lentes-prothesenwerkstatt.de\/#website","url":"https:\/\/lentes-prothesenwerkstatt.de\/","name":"Lentes Prothesenwerkstatt","description":"Handwerk, das Bewegt","publisher":{"@id":"https:\/\/lentes-prothesenwerkstatt.de\/#organization"},"potentialAction":[{"@type":"SearchAction","target":{"@type":"EntryPoint","urlTemplate":"https:\/\/lentes-prothesenwerkstatt.de\/?s={search_term_string}"},"query-input":{"@type":"PropertyValueSpecification","valueRequired":true,"valueName":"search_term_string"}}],"inLanguage":"de"},{"@type":"Organization","@id":"https:\/\/lentes-prothesenwerkstatt.de\/#organization","name":"Lentes Prothesenwerkstatt","url":"https:\/\/lentes-prothesenwerkstatt.de\/","logo":{"@type":"ImageObject","inLanguage":"de","@id":"https:\/\/lentes-prothesenwerkstatt.de\/#\/schema\/logo\/image\/","url":"https:\/\/lentes-prothesenwerkstatt.de\/wp-content\/uploads\/2021\/04\/Logo_Lentes_Prothesenwerkstatt_rgb_02.png","contentUrl":"https:\/\/lentes-prothesenwerkstatt.de\/wp-content\/uploads\/2021\/04\/Logo_Lentes_Prothesenwerkstatt_rgb_02.png","width":600,"height":287,"caption":"Lentes Prothesenwerkstatt"},"image":{"@id":"https:\/\/lentes-prothesenwerkstatt.de\/#\/schema\/logo\/image\/"}}]}},"_links":{"self":[{"href":"https:\/\/lentes-prothesenwerkstatt.de\/index.php\/wp-json\/wp\/v2\/pages\/115","targetHints":{"allow":["GET"]}}],"collection":[{"href":"https:\/\/lentes-prothesenwerkstatt.de\/index.php\/wp-json\/wp\/v2\/pages"}],"about":[{"href":"https:\/\/lentes-prothesenwerkstatt.de\/index.php\/wp-json\/wp\/v2\/types\/page"}],"author":[{"embeddable":true,"href":"https:\/\/lentes-prothesenwerkstatt.de\/index.php\/wp-json\/wp\/v2\/users\/1"}],"replies":[{"embeddable":true,"href":"https:\/\/lentes-prothesenwerkstatt.de\/index.php\/wp-json\/wp\/v2\/comments?post=115"}],"version-history":[{"count":519,"href":"https:\/\/lentes-prothesenwerkstatt.de\/index.php\/wp-json\/wp\/v2\/pages\/115\/revisions"}],"predecessor-version":[{"id":15242,"href":"https:\/\/lentes-prothesenwerkstatt.de\/index.php\/wp-json\/wp\/v2\/pages\/115\/revisions\/15242"}],"wp:attachment":[{"href":"https:\/\/lentes-prothesenwerkstatt.de\/index.php\/wp-json\/wp\/v2\/media?parent=115"}],"curies":[{"name":"wp","href":"https:\/\/api.w.org\/{rel}","templated":true}]}}